{"id":6916,"date":"2025-11-12T13:25:02","date_gmt":"2025-11-12T12:25:02","guid":{"rendered":"https:\/\/krajinaziva.sk\/?page_id=6916"},"modified":"2025-11-14T13:51:29","modified_gmt":"2025-11-14T12:51:29","slug":"soilutions-cesta-k-zivotaschopnemu-vidieku-zaznam-z-konferencie","status":"publish","type":"page","link":"https:\/\/krajinaziva.sk\/en\/soilutions-cesta-k-zivotaschopnemu-vidieku-zaznam-z-konferencie\/","title":{"rendered":"SOILutions &#8211; cesta k \u017eivotaschopn\u00e9mu vidieku\u00a0&#8211; z\u00e1znam z konferencie"},"content":{"rendered":"<p>Prv\u00fd ro\u010dn\u00edk konferencie SOILutions spojil farm\u00e1rov, odborn\u00edkov aj verejnos\u0165. V Moravskom Lieskovom sa 21. okt\u00f3bra 2025 uskuto\u010dnil prv\u00fd ro\u010dn\u00edk medzin\u00e1rodnej konferencie SOILutions \u2013 cesta k \u017eivotaschopn\u00e9mu vidieku. Podujatie sa konalo vo vzdel\u00e1vacom a komunitnom centre \u017diTo v S\u00fdpke a pril\u00e1kalo vy\u0161e sto \u00fa\u010dastn\u00edkov \u2013 od farm\u00e1rov a spracovate\u013eov potrav\u00edn a\u017e po v\u00fdskumn\u00edkov, kuch\u00e1rov, z\u00e1stupcov samospr\u00e1v, pionierov a propag\u00e1torov regenerat\u00edvneho po\u013enohospod\u00e1rstva.<\/p>\n\n\n\n<p>Cie\u013eom bolo predstavi\u0165 praktick\u00e9 rie\u0161enia, ako v \u010dase klimatickej neistoty, er\u00f3zie p\u00f4dy a vy\u013eud\u0148ovania vidieka znovu prepoji\u0165 zdrav\u00fa p\u00f4du, potraviny a komunitu. Konferencia potvrdila, \u017ee sp\u00e1janie sa naprie\u010d platformami pre spolo\u010dn\u00fd cie\u013e \u2013 regener\u00e1ciu p\u00f4dy a krajiny \u2013 je nielen o technike pr\u00e1ce s p\u00f4dou, ale o novom pr\u00edstupe k \u017eivotu na vidieku. Zdrav\u00e1 p\u00f4da, kult\u00farna krajina a spolupracuj\u00face komunity s\u00fa z\u00e1kladom odoln\u00e9ho a sebesta\u010dn\u00e9ho vidieka \u2013 pre farm\u00e1rov, potraviny aj kl\u00edmu.<\/p>\n\n\n\n<p><strong>1. \u00davodn\u00e9 pr\u00edhovory organiz\u00e1toriek<\/strong>:<\/p>\n\n\n\n<figure class=\"wp-block-embed is-type-video is-provider-youtube wp-block-embed-youtube wp-embed-aspect-16-9 wp-has-aspect-ratio\"><div class=\"wp-block-embed__wrapper\">\n<iframe title=\"SOILutions 2025 | \u00davodn\u00e9 pr\u00edhovory\" width=\"1170\" height=\"658\" src=\"https:\/\/www.youtube.com\/embed\/AISX7t3pOlg?feature=oembed\" frameborder=\"0\" allow=\"accelerometer; autoplay; clipboard-write; encrypted-media; gyroscope; picture-in-picture; web-share\" referrerpolicy=\"strict-origin-when-cross-origin\" allowfullscreen><\/iframe>\n<\/div><\/figure>\n\n\n\n<p><strong>2. Victoria Smelkova (Taliansko) &#8211; prezent\u00e1cia projektu Slow Food Farmy<\/strong>:<\/p>\n\n\n\n<figure class=\"wp-block-embed is-type-video is-provider-youtube wp-block-embed-youtube wp-embed-aspect-16-9 wp-has-aspect-ratio\"><div class=\"wp-block-embed__wrapper\">\n<iframe title=\"Prezent\u00e1cia projektu Slow food farmy | Victoria Smelkova (Taliansko)\" width=\"1170\" height=\"658\" src=\"https:\/\/www.youtube.com\/embed\/kku6T2P9q0Q?feature=oembed\" frameborder=\"0\" allow=\"accelerometer; autoplay; clipboard-write; encrypted-media; gyroscope; picture-in-picture; web-share\" referrerpolicy=\"strict-origin-when-cross-origin\" allowfullscreen><\/iframe>\n<\/div><\/figure>\n\n\n\n<p><strong>3. Nata\u0161a Kramberger (Slovinsko) &#8211; Biodynamika nie je lie\u010dba sympt\u00f3mov, ale spolupr\u00e1ca (prezent\u00e1cia farmy v Jurovskom Dole)<\/strong>:<\/p>\n\n\n\n<figure class=\"wp-block-embed is-type-video is-provider-youtube wp-block-embed-youtube wp-embed-aspect-16-9 wp-has-aspect-ratio\"><div class=\"wp-block-embed__wrapper\">\n<iframe title=\"Biodynamika nie je lie\u010dba sympt\u00f3mov, ale spolupr\u00e1ca | Nata\u0161a Kramberger (Slovinsko)\" width=\"1170\" height=\"658\" src=\"https:\/\/www.youtube.com\/embed\/FAn3vwHh3Tg?feature=oembed\" frameborder=\"0\" allow=\"accelerometer; autoplay; clipboard-write; encrypted-media; gyroscope; picture-in-picture; web-share\" referrerpolicy=\"strict-origin-when-cross-origin\" allowfullscreen><\/iframe>\n<\/div><\/figure>\n\n\n\n<p><strong>4. Diskusia (Tibor Sajd\u00e1k, Peter Hajn\u00e1l, Karel Kaln\u00fd, Marek Semelbauer) &#8211; Organick\u00e9 regenerat\u00edvne po\u013enohospod\u00e1rstvo (moderuje Lucia Ba\u013e\u00e1kov\u00e1)<\/strong>:<\/p>\n\n\n\n<figure class=\"wp-block-embed is-type-video is-provider-youtube wp-block-embed-youtube wp-embed-aspect-16-9 wp-has-aspect-ratio\"><div class=\"wp-block-embed__wrapper\">\n<iframe title=\"Organick\u00e9 regenerat\u00edvne po\u013enohospod\u00e1rstvo | Diskusia (moderuje Lucia Ba\u013e\u00e1kov\u00e1)\" width=\"1170\" height=\"658\" src=\"https:\/\/www.youtube.com\/embed\/OQQoJFg3hCQ?feature=oembed\" frameborder=\"0\" allow=\"accelerometer; autoplay; clipboard-write; encrypted-media; gyroscope; picture-in-picture; web-share\" referrerpolicy=\"strict-origin-when-cross-origin\" allowfullscreen><\/iframe>\n<\/div><\/figure>\n\n\n\n<p><strong>5. Silvia Horeck\u00e1 &#8211; Kulin\u00e1rna medic\u00edna &#8211; Jedlo pre vit\u00e1lnu dlhovekos\u0165:<\/strong><\/p>\n\n\n\n<figure class=\"wp-block-embed is-type-video is-provider-youtube wp-block-embed-youtube wp-embed-aspect-16-9 wp-has-aspect-ratio\"><div class=\"wp-block-embed__wrapper\">\n<iframe title=\"Kulin\u00e1rna medic\u00edna - Jedlo pre vit\u00e1lnu dlhovekos\u0165 | Silvia Horeck\u00e1 (Slovensko)\" width=\"1170\" height=\"658\" src=\"https:\/\/www.youtube.com\/embed\/ayqd9E4JEkw?feature=oembed\" frameborder=\"0\" allow=\"accelerometer; autoplay; clipboard-write; encrypted-media; gyroscope; picture-in-picture; web-share\" referrerpolicy=\"strict-origin-when-cross-origin\" allowfullscreen><\/iframe>\n<\/div><\/figure>\n\n\n\n<p><strong>6. Andrasz Szunyogh (Ma\u010farsko) &#8211; Pl\u00e1novanie fariem a pasenie v chr\u00e1nen\u00fdch \u00fazemiach:<\/strong><\/p>\n\n\n\n<figure class=\"wp-block-embed is-type-video is-provider-youtube wp-block-embed-youtube wp-embed-aspect-16-9 wp-has-aspect-ratio\"><div class=\"wp-block-embed__wrapper\">\n<iframe title=\"Pl\u00e1novanie fariem a pasenie v chr\u00e1nen\u00fdch \u00fazemiach | Andrasz Szunyogh (Ma\u010farsko)\" width=\"1170\" height=\"658\" src=\"https:\/\/www.youtube.com\/embed\/FgpD6LMnnUU?feature=oembed\" frameborder=\"0\" allow=\"accelerometer; autoplay; clipboard-write; encrypted-media; gyroscope; picture-in-picture; web-share\" referrerpolicy=\"strict-origin-when-cross-origin\" allowfullscreen><\/iframe>\n<\/div><\/figure>\n\n\n\n<p><strong>7. Ji\u0159\u00ed Pracha\u0159 (\u010cesko) &#8211; Predstavenie vzdel\u00e1vacieho programu Farm\u00e1\u0159sk\u00e1 \u0161kola:<\/strong><\/p>\n\n\n\n<figure class=\"wp-block-embed is-type-video is-provider-youtube wp-block-embed-youtube wp-embed-aspect-16-9 wp-has-aspect-ratio\"><div class=\"wp-block-embed__wrapper\">\n<iframe title=\"Predstavenie vzdel\u00e1vacieho programu Farm\u00e1\u0159sk\u00e1 \u0161kola | Ji\u0159\u00ed Pracha\u0159 (\u010cesko)\" width=\"1170\" height=\"658\" src=\"https:\/\/www.youtube.com\/embed\/4bOVQXTMbFI?feature=oembed\" frameborder=\"0\" allow=\"accelerometer; autoplay; clipboard-write; encrypted-media; gyroscope; picture-in-picture; web-share\" referrerpolicy=\"strict-origin-when-cross-origin\" allowfullscreen><\/iframe>\n<\/div><\/figure>\n\n\n\n<figure class=\"wp-block-image size-large\"><img fetchpriority=\"high\" decoding=\"async\" width=\"1024\" height=\"165\" src=\"https:\/\/krajinaziva.sk\/wp-content\/uploads\/2025\/11\/SOIL-1024x165.jpg\" alt=\"\" class=\"wp-image-6923\" srcset=\"https:\/\/krajinaziva.sk\/wp-content\/uploads\/2025\/11\/SOIL-1024x165.jpg 1024w, https:\/\/krajinaziva.sk\/wp-content\/uploads\/2025\/11\/SOIL-300x48.jpg 300w, https:\/\/krajinaziva.sk\/wp-content\/uploads\/2025\/11\/SOIL-768x124.jpg 768w, https:\/\/krajinaziva.sk\/wp-content\/uploads\/2025\/11\/SOIL-18x3.jpg 18w, https:\/\/krajinaziva.sk\/wp-content\/uploads\/2025\/11\/SOIL-370x60.jpg 370w, https:\/\/krajinaziva.sk\/wp-content\/uploads\/2025\/11\/SOIL-770x124.jpg 770w, https:\/\/krajinaziva.sk\/wp-content\/uploads\/2025\/11\/SOIL-1170x188.jpg 1170w, https:\/\/krajinaziva.sk\/wp-content\/uploads\/2025\/11\/SOIL.jpg 1205w\" sizes=\"(max-width: 1024px) 100vw, 1024px\" \/><\/figure>\n\n\n\n<p><\/p>","protected":false},"excerpt":{"rendered":"<p>Prv\u00fd ro\u010dn\u00edk konferencie SOILutions spojil farm\u00e1rov, odborn\u00edkov aj verejnos\u0165. V Moravskom Lieskovom sa 21. okt\u00f3bra 2025 uskuto\u010dnil prv\u00fd ro\u010dn\u00edk medzin\u00e1rodnej konferencie SOILutions \u2013 cesta k \u017eivotaschopn\u00e9mu vidieku. Podujatie sa konalo vo vzdel\u00e1vacom a&hellip;<\/p>","protected":false},"author":4,"featured_media":0,"parent":0,"menu_order":0,"comment_status":"closed","ping_status":"closed","template":"","meta":{"give_campaign_id":0,"_monsterinsights_skip_tracking":false,"_monsterinsights_sitenote_active":false,"_monsterinsights_sitenote_note":"","_monsterinsights_sitenote_category":0,"footnotes":""},"class_list":["post-6916","page","type-page","status-publish","hentry"],"yoast_head":"<!-- This site is optimized with the Yoast SEO plugin v26.4 - https:\/\/yoast.com\/wordpress\/plugins\/seo\/ -->\n<title>SOILutions - cesta k \u017eivotaschopn\u00e9mu vidieku\u00a0- z\u00e1znam z konferencie - Krajina \u017eiv\u00e1<\/title>\n<meta name=\"description\" content=\"Prv\u00fd ro\u010dn\u00edk konferencie SOILutions spojil farm\u00e1rov, odborn\u00edkov aj verejnos\u0165. V Moravskom Lieskovom sa 21. okt\u00f3bra 2025 uskuto\u010dnil prv\u00fd ro\u010dn\u00edk medzin\u00e1rodnej konferencie SOILutions \u2013 cesta k \u017eivotaschopn\u00e9mu vidieku. Podujatie pril\u00e1kalo vy\u0161e sto \u00fa\u010dastn\u00edkov \u2013 od farm\u00e1rov a spracovate\u013eov potrav\u00edn a\u017e po v\u00fdskumn\u00edkov, kuch\u00e1rov, z\u00e1stupcov samospr\u00e1v, pionierov a propag\u00e1torov regenerat\u00edvneho po\u013enohospod\u00e1rstva.\" \/>\n<meta name=\"robots\" content=\"index, follow, max-snippet:-1, max-image-preview:large, max-video-preview:-1\" \/>\n<link rel=\"canonical\" href=\"https:\/\/krajinaziva.sk\/en\/soilutions-cesta-k-zivotaschopnemu-vidieku-zaznam-z-konferencie\/\" \/>\n<meta property=\"og:locale\" content=\"en_GB\" \/>\n<meta property=\"og:type\" content=\"article\" \/>\n<meta property=\"og:title\" content=\"SOILutions - cesta k \u017eivotaschopn\u00e9mu vidieku\u00a0- z\u00e1znam z konferencie - Krajina \u017eiv\u00e1\" \/>\n<meta property=\"og:description\" content=\"Prv\u00fd ro\u010dn\u00edk konferencie SOILutions spojil farm\u00e1rov, odborn\u00edkov aj verejnos\u0165. V Moravskom Lieskovom sa 21. okt\u00f3bra 2025 uskuto\u010dnil prv\u00fd ro\u010dn\u00edk medzin\u00e1rodnej konferencie SOILutions \u2013 cesta k \u017eivotaschopn\u00e9mu vidieku. Podujatie pril\u00e1kalo vy\u0161e sto \u00fa\u010dastn\u00edkov \u2013 od farm\u00e1rov a spracovate\u013eov potrav\u00edn a\u017e po v\u00fdskumn\u00edkov, kuch\u00e1rov, z\u00e1stupcov samospr\u00e1v, pionierov a propag\u00e1torov regenerat\u00edvneho po\u013enohospod\u00e1rstva.\" \/>\n<meta property=\"og:url\" content=\"https:\/\/krajinaziva.sk\/en\/soilutions-cesta-k-zivotaschopnemu-vidieku-zaznam-z-konferencie\/\" \/>\n<meta property=\"og:site_name\" content=\"Krajina \u017eiv\u00e1\" \/>\n<meta property=\"article:modified_time\" content=\"2025-11-14T12:51:29+00:00\" \/>\n<meta property=\"og:image\" content=\"https:\/\/krajinaziva.sk\/wp-content\/uploads\/2025\/11\/SOIL.jpg\" \/>\n\t<meta property=\"og:image:width\" content=\"1205\" \/>\n\t<meta property=\"og:image:height\" content=\"194\" \/>\n\t<meta property=\"og:image:type\" content=\"image\/jpeg\" \/>\n<meta name=\"twitter:card\" content=\"summary_large_image\" \/>\n<meta name=\"twitter:label1\" content=\"Estimated reading time\" \/>\n\t<meta name=\"twitter:data1\" content=\"2 minutes\" \/>\n<script type=\"application\/ld+json\" class=\"yoast-schema-graph\">{\"@context\":\"https:\/\/schema.org\",\"@graph\":[{\"@type\":\"WebPage\",\"@id\":\"https:\/\/krajinaziva.sk\/soilutions-cesta-k-zivotaschopnemu-vidieku-zaznam-z-konferencie\/\",\"url\":\"https:\/\/krajinaziva.sk\/soilutions-cesta-k-zivotaschopnemu-vidieku-zaznam-z-konferencie\/\",\"name\":\"SOILutions - cesta k \u017eivotaschopn\u00e9mu vidieku\u00a0- z\u00e1znam z konferencie - Krajina \u017eiv\u00e1\",\"isPartOf\":{\"@id\":\"https:\/\/krajinaziva.sk\/#website\"},\"primaryImageOfPage\":{\"@id\":\"https:\/\/krajinaziva.sk\/soilutions-cesta-k-zivotaschopnemu-vidieku-zaznam-z-konferencie\/#primaryimage\"},\"image\":{\"@id\":\"https:\/\/krajinaziva.sk\/soilutions-cesta-k-zivotaschopnemu-vidieku-zaznam-z-konferencie\/#primaryimage\"},\"thumbnailUrl\":\"https:\/\/krajinaziva.sk\/wp-content\/uploads\/2025\/11\/SOIL-1024x165.jpg\",\"datePublished\":\"2025-11-12T12:25:02+00:00\",\"dateModified\":\"2025-11-14T12:51:29+00:00\",\"description\":\"Prv\u00fd ro\u010dn\u00edk konferencie SOILutions spojil farm\u00e1rov, odborn\u00edkov aj verejnos\u0165. V Moravskom Lieskovom sa 21. okt\u00f3bra 2025 uskuto\u010dnil prv\u00fd ro\u010dn\u00edk medzin\u00e1rodnej konferencie SOILutions \u2013 cesta k \u017eivotaschopn\u00e9mu vidieku. Podujatie pril\u00e1kalo vy\u0161e sto \u00fa\u010dastn\u00edkov \u2013 od farm\u00e1rov a spracovate\u013eov potrav\u00edn a\u017e po v\u00fdskumn\u00edkov, kuch\u00e1rov, z\u00e1stupcov samospr\u00e1v, pionierov a propag\u00e1torov regenerat\u00edvneho po\u013enohospod\u00e1rstva.\",\"breadcrumb\":{\"@id\":\"https:\/\/krajinaziva.sk\/soilutions-cesta-k-zivotaschopnemu-vidieku-zaznam-z-konferencie\/#breadcrumb\"},\"inLanguage\":\"en-GB\",\"potentialAction\":[{\"@type\":\"ReadAction\",\"target\":[\"https:\/\/krajinaziva.sk\/soilutions-cesta-k-zivotaschopnemu-vidieku-zaznam-z-konferencie\/\"]}]},{\"@type\":\"ImageObject\",\"inLanguage\":\"en-GB\",\"@id\":\"https:\/\/krajinaziva.sk\/soilutions-cesta-k-zivotaschopnemu-vidieku-zaznam-z-konferencie\/#primaryimage\",\"url\":\"https:\/\/krajinaziva.sk\/wp-content\/uploads\/2025\/11\/SOIL-1024x165.jpg\",\"contentUrl\":\"https:\/\/krajinaziva.sk\/wp-content\/uploads\/2025\/11\/SOIL-1024x165.jpg\"},{\"@type\":\"BreadcrumbList\",\"@id\":\"https:\/\/krajinaziva.sk\/soilutions-cesta-k-zivotaschopnemu-vidieku-zaznam-z-konferencie\/#breadcrumb\",\"itemListElement\":[{\"@type\":\"ListItem\",\"position\":1,\"name\":\"Home\",\"item\":\"https:\/\/krajinaziva.sk\/\"},{\"@type\":\"ListItem\",\"position\":2,\"name\":\"SOILutions &#8211; cesta k \u017eivotaschopn\u00e9mu vidieku\u00a0&#8211; z\u00e1znam z konferencie\"}]},{\"@type\":\"WebSite\",\"@id\":\"https:\/\/krajinaziva.sk\/#website\",\"url\":\"https:\/\/krajinaziva.sk\/\",\"name\":\"Krajina \u017eiv\u00e1\",\"description\":\"\u017div\u00e1 krajina prin\u00e1\u0161a hojnos\u0165 pre v\u0161etk\u00fdch\",\"publisher\":{\"@id\":\"https:\/\/krajinaziva.sk\/#organization\"},\"potentialAction\":[{\"@type\":\"SearchAction\",\"target\":{\"@type\":\"EntryPoint\",\"urlTemplate\":\"https:\/\/krajinaziva.sk\/?s={search_term_string}\"},\"query-input\":{\"@type\":\"PropertyValueSpecification\",\"valueRequired\":true,\"valueName\":\"search_term_string\"}}],\"inLanguage\":\"en-GB\"},{\"@type\":\"Organization\",\"@id\":\"https:\/\/krajinaziva.sk\/#organization\",\"name\":\"Krajina \u017eiv\u00e1\",\"url\":\"https:\/\/krajinaziva.sk\/\",\"logo\":{\"@type\":\"ImageObject\",\"inLanguage\":\"en-GB\",\"@id\":\"https:\/\/krajinaziva.sk\/#\/schema\/logo\/image\/\",\"url\":\"https:\/\/krajinaziva.sk\/wp-content\/uploads\/2026\/02\/2206_14_BROZ_Ktajina-ziva_1-43-2-1.png\",\"contentUrl\":\"https:\/\/krajinaziva.sk\/wp-content\/uploads\/2026\/02\/2206_14_BROZ_Ktajina-ziva_1-43-2-1.png\",\"width\":1080,\"height\":1080,\"caption\":\"Krajina \u017eiv\u00e1\"},\"image\":{\"@id\":\"https:\/\/krajinaziva.sk\/#\/schema\/logo\/image\/\"}}]}<\/script>\n<!-- \/ Yoast SEO plugin. -->","yoast_head_json":{"title":"SOILutions - cesta k \u017eivotaschopn\u00e9mu vidieku\u00a0- z\u00e1znam z konferencie - Krajina \u017eiv\u00e1","description":"Prv\u00fd ro\u010dn\u00edk konferencie SOILutions spojil farm\u00e1rov, odborn\u00edkov aj verejnos\u0165. V Moravskom Lieskovom sa 21. okt\u00f3bra 2025 uskuto\u010dnil prv\u00fd ro\u010dn\u00edk medzin\u00e1rodnej konferencie SOILutions \u2013 cesta k \u017eivotaschopn\u00e9mu vidieku. Podujatie pril\u00e1kalo vy\u0161e sto \u00fa\u010dastn\u00edkov \u2013 od farm\u00e1rov a spracovate\u013eov potrav\u00edn a\u017e po v\u00fdskumn\u00edkov, kuch\u00e1rov, z\u00e1stupcov samospr\u00e1v, pionierov a propag\u00e1torov regenerat\u00edvneho po\u013enohospod\u00e1rstva.","robots":{"index":"index","follow":"follow","max-snippet":"max-snippet:-1","max-image-preview":"max-image-preview:large","max-video-preview":"max-video-preview:-1"},"canonical":"https:\/\/krajinaziva.sk\/en\/soilutions-cesta-k-zivotaschopnemu-vidieku-zaznam-z-konferencie\/","og_locale":"en_GB","og_type":"article","og_title":"SOILutions - cesta k \u017eivotaschopn\u00e9mu vidieku\u00a0- z\u00e1znam z konferencie - Krajina \u017eiv\u00e1","og_description":"Prv\u00fd ro\u010dn\u00edk konferencie SOILutions spojil farm\u00e1rov, odborn\u00edkov aj verejnos\u0165. V Moravskom Lieskovom sa 21. okt\u00f3bra 2025 uskuto\u010dnil prv\u00fd ro\u010dn\u00edk medzin\u00e1rodnej konferencie SOILutions \u2013 cesta k \u017eivotaschopn\u00e9mu vidieku. Podujatie pril\u00e1kalo vy\u0161e sto \u00fa\u010dastn\u00edkov \u2013 od farm\u00e1rov a spracovate\u013eov potrav\u00edn a\u017e po v\u00fdskumn\u00edkov, kuch\u00e1rov, z\u00e1stupcov samospr\u00e1v, pionierov a propag\u00e1torov regenerat\u00edvneho po\u013enohospod\u00e1rstva.","og_url":"https:\/\/krajinaziva.sk\/en\/soilutions-cesta-k-zivotaschopnemu-vidieku-zaznam-z-konferencie\/","og_site_name":"Krajina \u017eiv\u00e1","article_modified_time":"2025-11-14T12:51:29+00:00","og_image":[{"width":1205,"height":194,"url":"https:\/\/krajinaziva.sk\/wp-content\/uploads\/2025\/11\/SOIL.jpg","type":"image\/jpeg"}],"twitter_card":"summary_large_image","twitter_misc":{"Estimated reading time":"2 minutes"},"schema":{"@context":"https:\/\/schema.org","@graph":[{"@type":"WebPage","@id":"https:\/\/krajinaziva.sk\/soilutions-cesta-k-zivotaschopnemu-vidieku-zaznam-z-konferencie\/","url":"https:\/\/krajinaziva.sk\/soilutions-cesta-k-zivotaschopnemu-vidieku-zaznam-z-konferencie\/","name":"SOILutions - cesta k \u017eivotaschopn\u00e9mu vidieku\u00a0- z\u00e1znam z konferencie - Krajina \u017eiv\u00e1","isPartOf":{"@id":"https:\/\/krajinaziva.sk\/#website"},"primaryImageOfPage":{"@id":"https:\/\/krajinaziva.sk\/soilutions-cesta-k-zivotaschopnemu-vidieku-zaznam-z-konferencie\/#primaryimage"},"image":{"@id":"https:\/\/krajinaziva.sk\/soilutions-cesta-k-zivotaschopnemu-vidieku-zaznam-z-konferencie\/#primaryimage"},"thumbnailUrl":"https:\/\/krajinaziva.sk\/wp-content\/uploads\/2025\/11\/SOIL-1024x165.jpg","datePublished":"2025-11-12T12:25:02+00:00","dateModified":"2025-11-14T12:51:29+00:00","description":"Prv\u00fd ro\u010dn\u00edk konferencie SOILutions spojil farm\u00e1rov, odborn\u00edkov aj verejnos\u0165. V Moravskom Lieskovom sa 21. okt\u00f3bra 2025 uskuto\u010dnil prv\u00fd ro\u010dn\u00edk medzin\u00e1rodnej konferencie SOILutions \u2013 cesta k \u017eivotaschopn\u00e9mu vidieku. Podujatie pril\u00e1kalo vy\u0161e sto \u00fa\u010dastn\u00edkov \u2013 od farm\u00e1rov a spracovate\u013eov potrav\u00edn a\u017e po v\u00fdskumn\u00edkov, kuch\u00e1rov, z\u00e1stupcov samospr\u00e1v, pionierov a propag\u00e1torov regenerat\u00edvneho po\u013enohospod\u00e1rstva.","breadcrumb":{"@id":"https:\/\/krajinaziva.sk\/soilutions-cesta-k-zivotaschopnemu-vidieku-zaznam-z-konferencie\/#breadcrumb"},"inLanguage":"en-GB","potentialAction":[{"@type":"ReadAction","target":["https:\/\/krajinaziva.sk\/soilutions-cesta-k-zivotaschopnemu-vidieku-zaznam-z-konferencie\/"]}]},{"@type":"ImageObject","inLanguage":"en-GB","@id":"https:\/\/krajinaziva.sk\/soilutions-cesta-k-zivotaschopnemu-vidieku-zaznam-z-konferencie\/#primaryimage","url":"https:\/\/krajinaziva.sk\/wp-content\/uploads\/2025\/11\/SOIL-1024x165.jpg","contentUrl":"https:\/\/krajinaziva.sk\/wp-content\/uploads\/2025\/11\/SOIL-1024x165.jpg"},{"@type":"BreadcrumbList","@id":"https:\/\/krajinaziva.sk\/soilutions-cesta-k-zivotaschopnemu-vidieku-zaznam-z-konferencie\/#breadcrumb","itemListElement":[{"@type":"ListItem","position":1,"name":"Home","item":"https:\/\/krajinaziva.sk\/"},{"@type":"ListItem","position":2,"name":"SOILutions &#8211; cesta k \u017eivotaschopn\u00e9mu vidieku\u00a0&#8211; z\u00e1znam z konferencie"}]},{"@type":"WebSite","@id":"https:\/\/krajinaziva.sk\/#website","url":"https:\/\/krajinaziva.sk\/","name":"Living landscape","description":"A living landscape brings wealth for all","publisher":{"@id":"https:\/\/krajinaziva.sk\/#organization"},"potentialAction":[{"@type":"SearchAction","target":{"@type":"EntryPoint","urlTemplate":"https:\/\/krajinaziva.sk\/?s={search_term_string}"},"query-input":{"@type":"PropertyValueSpecification","valueRequired":true,"valueName":"search_term_string"}}],"inLanguage":"en-GB"},{"@type":"Organization","@id":"https:\/\/krajinaziva.sk\/#organization","name":"Living landscape","url":"https:\/\/krajinaziva.sk\/","logo":{"@type":"ImageObject","inLanguage":"en-GB","@id":"https:\/\/krajinaziva.sk\/#\/schema\/logo\/image\/","url":"https:\/\/krajinaziva.sk\/wp-content\/uploads\/2026\/02\/2206_14_BROZ_Ktajina-ziva_1-43-2-1.png","contentUrl":"https:\/\/krajinaziva.sk\/wp-content\/uploads\/2026\/02\/2206_14_BROZ_Ktajina-ziva_1-43-2-1.png","width":1080,"height":1080,"caption":"Krajina \u017eiv\u00e1"},"image":{"@id":"https:\/\/krajinaziva.sk\/#\/schema\/logo\/image\/"}}]}},"campaignId":"","_links":{"self":[{"href":"https:\/\/krajinaziva.sk\/en\/wp-json\/wp\/v2\/pages\/6916","targetHints":{"allow":["GET"]}}],"collection":[{"href":"https:\/\/krajinaziva.sk\/en\/wp-json\/wp\/v2\/pages"}],"about":[{"href":"https:\/\/krajinaziva.sk\/en\/wp-json\/wp\/v2\/types\/page"}],"author":[{"embeddable":true,"href":"https:\/\/krajinaziva.sk\/en\/wp-json\/wp\/v2\/users\/4"}],"replies":[{"embeddable":true,"href":"https:\/\/krajinaziva.sk\/en\/wp-json\/wp\/v2\/comments?post=6916"}],"version-history":[{"count":5,"href":"https:\/\/krajinaziva.sk\/en\/wp-json\/wp\/v2\/pages\/6916\/revisions"}],"predecessor-version":[{"id":6947,"href":"https:\/\/krajinaziva.sk\/en\/wp-json\/wp\/v2\/pages\/6916\/revisions\/6947"}],"wp:attachment":[{"href":"https:\/\/krajinaziva.sk\/en\/wp-json\/wp\/v2\/media?parent=6916"}],"curies":[{"name":"wp","href":"https:\/\/api.w.org\/{rel}","templated":true}]}}