{"id":5862,"date":"2024-12-13T10:43:23","date_gmt":"2024-12-13T09:43:23","guid":{"rendered":"https:\/\/krajinaziva.sk\/?post_type=citadela-item&#038;p=5862"},"modified":"2025-11-25T10:44:09","modified_gmt":"2025-11-25T09:44:09","slug":"farma-pri-mokradi","status":"publish","type":"citadela-item","link":"https:\/\/krajinaziva.sk\/en\/hospodari\/farma-pri-mokradi\/","title":{"rendered":"Farma pri mo\u010diari"},"content":{"rendered":"<p>Farma pri mokradi z\u00edskala <strong>ocenenie Farma \u017eiv\u00e1<\/strong> v roku 2024.<\/p>\n<p><iframe width=\"560\" height=\"315\" src=\"https:\/\/www.youtube.com\/embed\/ODZHRdiJQd0?si=Zp8mVjA8f-qXy5nw\" title=\"YouTube video player\" frameborder=\"0\" allow=\"accelerometer; autoplay; clipboard-write; encrypted-media; gyroscope; picture-in-picture; web-share\" referrerpolicy=\"strict-origin-when-cross-origin\" allowfullscreen><\/iframe>&nbsp;<\/p>\n<p><span style=\"font-weight: 400;\">Farma pri Mo\u010diari sa nach\u00e1dza v osade Horn\u00e9 Valy v Lak\u0161\u00e1rskej Novej Vsi a vedie ju ornitol\u00f3g \u0160tefan Benko a jeho priate\u013eka Andrea. Farma sa zameriava na hospod\u00e1renie v s\u00falade s pr\u00edrodou a akt\u00edvne prispieva k ochrane miestnych mokrad\u00ed a biodiverzity. Orientuj\u00fa sa na chov k\u00f4z, divokosfarben\u00fdch viedensk\u00fdch kr\u00e1likov, holubov a sliepok. Pred\u00e1vaj\u00fa mlieko a vaj\u00ed\u010dka z dvora.<br \/>\n<\/span><\/p>\n<p>Na\u0161u report\u00e1\u017e z n\u00e1v\u0161tevy farmy n\u00e1jdete tu: <a href=\"https:\/\/krajinaziva.sk\/en\/ocenena-farma-pri-mociari-nie-je-nic-krajsie-ako-formovat-krajinu\/\">https:\/\/krajinaziva.sk\/ocenena-farma-pri-mociari-nie-je-nic-krajsie-ako-formovat-krajinu\/<\/a><\/p>\n<p><strong>Environment\u00e1lne aktivity farmy:<\/strong><\/p>\n<p><span style=\"font-weight: 400;\">Farma sa nach\u00e1dza v oblasti s rozsiahlymi mokra\u010fami, ktor\u00e9 s\u00fa domovom pre r\u00f4zne druhy rastl\u00edn a \u017eivo\u010d\u00edchov. Obnova a ochrana t\u00fdchto mokrad\u00ed s\u00fa k\u013e\u00fa\u010dov\u00e9 pre zachovanie miestnej biodiverzity. Na rie\u0161enie probl\u00e9mu s inv\u00e1znymi rastlinami na vz\u00e1cnej pieskovej dune farm\u00e1ri vyu\u017e\u00edvaj\u00fa pasenie k\u00f4z.<\/span><\/p>\n<p><span style=\"font-weight: 400;\">Koz\u00ed pasienok tvor\u00ed riedky tr\u00e1vnat\u00fd porast s roztr\u00fasen\u00fdmi borovciami a p\u0148ami stromov, pod ktor\u00fdmi si vyhrab\u00e1va nory kol\u00f3nia sys\u013eov. Tieto hlodavce vytla\u010dili potkany, ktor\u00e9 \u017eili na brehoch mo\u010diara. Okrem nich pasienok ob\u00fdvaj\u00fa aj u\u017eovky, ja\u0161terice a mnoh\u00ed \u010fal\u0161\u00ed. Pre vrabce, lastovi\u010dky, belor\u00edtky, dudky, krakle s\u00fa rozve\u0161an\u00e9 po pozemku b\u00fadky, hniezda \u010di vydlaban\u00e9 kmene stromov. Pre strako\u0161e s\u00fa ohraden\u00e9 \u0161\u00edpkov\u00e9 kry, aby ich kozy nezo\u017erali. Na potoku maj\u00fa hr\u00e1dze bobry.\u00a0<\/span><\/p>","protected":false},"excerpt":{"rendered":"<p>Farma pri mokradi z\u00edskala ocenenie Farma \u017eiv\u00e1 v roku 2024. &nbsp; Farma pri Mo\u010diari sa nach\u00e1dza v osade Horn\u00e9 Valy v Lak\u0161\u00e1rskej Novej Vsi a vedie ju ornitol\u00f3g \u0160tefan Benko a jeho priate\u013eka&hellip;<\/p>","protected":false},"author":4,"featured_media":5863,"menu_order":0,"template":"","citadela-item-category":[97,60],"citadela-item-location":[71],"class_list":["post-5862","citadela-item","type-citadela-item","status-publish","has-post-thumbnail","hentry","citadela-item-category-farma-ziva","citadela-item-category-kozie-mlieko","citadela-item-location-trnavsky-kraj"],"yoast_head":"<!-- This site is optimized with the Yoast SEO plugin v26.4 - https:\/\/yoast.com\/wordpress\/plugins\/seo\/ -->\n<title>Farma pri mo\u010diari - Krajina \u017eiv\u00e1<\/title>\n<meta name=\"description\" content=\"Farma pri Mo\u010diari sa nach\u00e1dza v osade Horn\u00e9 Valy v Lak\u0161\u00e1rskej Novej Vsi a vedie ju ornitol\u00f3g \u0160tefan Benko a jeho priate\u013eka Andrea. Farma sa zameriava na hospod\u00e1renie v s\u00falade s pr\u00edrodou a akt\u00edvne prispieva k ochrane miestnych mokrad\u00ed a biodiverzity.\" \/>\n<meta name=\"robots\" content=\"index, follow, max-snippet:-1, max-image-preview:large, max-video-preview:-1\" \/>\n<link rel=\"canonical\" href=\"https:\/\/krajinaziva.sk\/en\/hospodari\/farma-pri-mokradi\/\" \/>\n<meta property=\"og:locale\" content=\"en_GB\" \/>\n<meta property=\"og:type\" content=\"article\" \/>\n<meta property=\"og:title\" content=\"Farma pri mo\u010diari - Krajina \u017eiv\u00e1\" \/>\n<meta property=\"og:description\" content=\"Farma pri Mo\u010diari sa nach\u00e1dza v osade Horn\u00e9 Valy v Lak\u0161\u00e1rskej Novej Vsi a vedie ju ornitol\u00f3g \u0160tefan Benko a jeho priate\u013eka Andrea. Farma sa zameriava na hospod\u00e1renie v s\u00falade s pr\u00edrodou a akt\u00edvne prispieva k ochrane miestnych mokrad\u00ed a biodiverzity.\" \/>\n<meta property=\"og:url\" content=\"https:\/\/krajinaziva.sk\/en\/hospodari\/farma-pri-mokradi\/\" \/>\n<meta property=\"og:site_name\" content=\"Krajina \u017eiv\u00e1\" \/>\n<meta property=\"article:modified_time\" content=\"2025-11-25T09:44:09+00:00\" \/>\n<meta property=\"og:image\" content=\"https:\/\/krajinaziva.sk\/wp-content\/uploads\/2024\/12\/DSC01665.jpg\" \/>\n\t<meta property=\"og:image:width\" content=\"1620\" \/>\n\t<meta property=\"og:image:height\" content=\"1080\" \/>\n\t<meta property=\"og:image:type\" content=\"image\/jpeg\" \/>\n<meta name=\"twitter:card\" content=\"summary_large_image\" \/>\n<meta name=\"twitter:label1\" content=\"Estimated reading time\" \/>\n\t<meta name=\"twitter:data1\" content=\"2 minutes\" \/>\n<script type=\"application\/ld+json\" class=\"yoast-schema-graph\">{\"@context\":\"https:\/\/schema.org\",\"@graph\":[{\"@type\":\"WebPage\",\"@id\":\"https:\/\/krajinaziva.sk\/hospodari\/farma-pri-mokradi\/\",\"url\":\"https:\/\/krajinaziva.sk\/hospodari\/farma-pri-mokradi\/\",\"name\":\"Farma pri mo\u010diari - Krajina \u017eiv\u00e1\",\"isPartOf\":{\"@id\":\"https:\/\/krajinaziva.sk\/#website\"},\"primaryImageOfPage\":{\"@id\":\"https:\/\/krajinaziva.sk\/hospodari\/farma-pri-mokradi\/#primaryimage\"},\"image\":{\"@id\":\"https:\/\/krajinaziva.sk\/hospodari\/farma-pri-mokradi\/#primaryimage\"},\"thumbnailUrl\":\"https:\/\/krajinaziva.sk\/wp-content\/uploads\/2024\/12\/DSC01665.jpg\",\"datePublished\":\"2024-12-13T09:43:23+00:00\",\"dateModified\":\"2025-11-25T09:44:09+00:00\",\"description\":\"Farma pri Mo\u010diari sa nach\u00e1dza v osade Horn\u00e9 Valy v Lak\u0161\u00e1rskej Novej Vsi a vedie ju ornitol\u00f3g \u0160tefan Benko a jeho priate\u013eka Andrea. Farma sa zameriava na hospod\u00e1renie v s\u00falade s pr\u00edrodou a akt\u00edvne prispieva k ochrane miestnych mokrad\u00ed a biodiverzity.\",\"breadcrumb\":{\"@id\":\"https:\/\/krajinaziva.sk\/hospodari\/farma-pri-mokradi\/#breadcrumb\"},\"inLanguage\":\"en-GB\",\"potentialAction\":[{\"@type\":\"ReadAction\",\"target\":[\"https:\/\/krajinaziva.sk\/hospodari\/farma-pri-mokradi\/\"]}]},{\"@type\":\"ImageObject\",\"inLanguage\":\"en-GB\",\"@id\":\"https:\/\/krajinaziva.sk\/hospodari\/farma-pri-mokradi\/#primaryimage\",\"url\":\"https:\/\/krajinaziva.sk\/wp-content\/uploads\/2024\/12\/DSC01665.jpg\",\"contentUrl\":\"https:\/\/krajinaziva.sk\/wp-content\/uploads\/2024\/12\/DSC01665.jpg\",\"width\":1620,\"height\":1080},{\"@type\":\"BreadcrumbList\",\"@id\":\"https:\/\/krajinaziva.sk\/hospodari\/farma-pri-mokradi\/#breadcrumb\",\"itemListElement\":[{\"@type\":\"ListItem\",\"position\":1,\"name\":\"Home\",\"item\":\"https:\/\/krajinaziva.sk\/\"},{\"@type\":\"ListItem\",\"position\":2,\"name\":\"Farma pri mo\u010diari\"}]},{\"@type\":\"WebSite\",\"@id\":\"https:\/\/krajinaziva.sk\/#website\",\"url\":\"https:\/\/krajinaziva.sk\/\",\"name\":\"Krajina \u017eiv\u00e1\",\"description\":\"\u017div\u00e1 krajina prin\u00e1\u0161a hojnos\u0165 pre v\u0161etk\u00fdch\",\"publisher\":{\"@id\":\"https:\/\/krajinaziva.sk\/#organization\"},\"potentialAction\":[{\"@type\":\"SearchAction\",\"target\":{\"@type\":\"EntryPoint\",\"urlTemplate\":\"https:\/\/krajinaziva.sk\/?s={search_term_string}\"},\"query-input\":{\"@type\":\"PropertyValueSpecification\",\"valueRequired\":true,\"valueName\":\"search_term_string\"}}],\"inLanguage\":\"en-GB\"},{\"@type\":\"Organization\",\"@id\":\"https:\/\/krajinaziva.sk\/#organization\",\"name\":\"Krajina \u017eiv\u00e1\",\"url\":\"https:\/\/krajinaziva.sk\/\",\"logo\":{\"@type\":\"ImageObject\",\"inLanguage\":\"en-GB\",\"@id\":\"https:\/\/krajinaziva.sk\/#\/schema\/logo\/image\/\",\"url\":\"https:\/\/krajinaziva.sk\/wp-content\/uploads\/2026\/02\/2206_14_BROZ_Ktajina-ziva_1-43-2-1.png\",\"contentUrl\":\"https:\/\/krajinaziva.sk\/wp-content\/uploads\/2026\/02\/2206_14_BROZ_Ktajina-ziva_1-43-2-1.png\",\"width\":1080,\"height\":1080,\"caption\":\"Krajina \u017eiv\u00e1\"},\"image\":{\"@id\":\"https:\/\/krajinaziva.sk\/#\/schema\/logo\/image\/\"}}]}<\/script>\n<!-- \/ Yoast SEO plugin. -->","yoast_head_json":{"title":"Farma pri mo\u010diari - Krajina \u017eiv\u00e1","description":"Farma pri Mo\u010diari sa nach\u00e1dza v osade Horn\u00e9 Valy v Lak\u0161\u00e1rskej Novej Vsi a vedie ju ornitol\u00f3g \u0160tefan Benko a jeho priate\u013eka Andrea. Farma sa zameriava na hospod\u00e1renie v s\u00falade s pr\u00edrodou a akt\u00edvne prispieva k ochrane miestnych mokrad\u00ed a biodiverzity.","robots":{"index":"index","follow":"follow","max-snippet":"max-snippet:-1","max-image-preview":"max-image-preview:large","max-video-preview":"max-video-preview:-1"},"canonical":"https:\/\/krajinaziva.sk\/en\/hospodari\/farma-pri-mokradi\/","og_locale":"en_GB","og_type":"article","og_title":"Farma pri mo\u010diari - Krajina \u017eiv\u00e1","og_description":"Farma pri Mo\u010diari sa nach\u00e1dza v osade Horn\u00e9 Valy v Lak\u0161\u00e1rskej Novej Vsi a vedie ju ornitol\u00f3g \u0160tefan Benko a jeho priate\u013eka Andrea. Farma sa zameriava na hospod\u00e1renie v s\u00falade s pr\u00edrodou a akt\u00edvne prispieva k ochrane miestnych mokrad\u00ed a biodiverzity.","og_url":"https:\/\/krajinaziva.sk\/en\/hospodari\/farma-pri-mokradi\/","og_site_name":"Krajina \u017eiv\u00e1","article_modified_time":"2025-11-25T09:44:09+00:00","og_image":[{"width":1620,"height":1080,"url":"https:\/\/krajinaziva.sk\/wp-content\/uploads\/2024\/12\/DSC01665.jpg","type":"image\/jpeg"}],"twitter_card":"summary_large_image","twitter_misc":{"Estimated reading time":"2 minutes"},"schema":{"@context":"https:\/\/schema.org","@graph":[{"@type":"WebPage","@id":"https:\/\/krajinaziva.sk\/hospodari\/farma-pri-mokradi\/","url":"https:\/\/krajinaziva.sk\/hospodari\/farma-pri-mokradi\/","name":"Farma pri mo\u010diari - Krajina \u017eiv\u00e1","isPartOf":{"@id":"https:\/\/krajinaziva.sk\/#website"},"primaryImageOfPage":{"@id":"https:\/\/krajinaziva.sk\/hospodari\/farma-pri-mokradi\/#primaryimage"},"image":{"@id":"https:\/\/krajinaziva.sk\/hospodari\/farma-pri-mokradi\/#primaryimage"},"thumbnailUrl":"https:\/\/krajinaziva.sk\/wp-content\/uploads\/2024\/12\/DSC01665.jpg","datePublished":"2024-12-13T09:43:23+00:00","dateModified":"2025-11-25T09:44:09+00:00","description":"Farma pri Mo\u010diari sa nach\u00e1dza v osade Horn\u00e9 Valy v Lak\u0161\u00e1rskej Novej Vsi a vedie ju ornitol\u00f3g \u0160tefan Benko a jeho priate\u013eka Andrea. Farma sa zameriava na hospod\u00e1renie v s\u00falade s pr\u00edrodou a akt\u00edvne prispieva k ochrane miestnych mokrad\u00ed a biodiverzity.","breadcrumb":{"@id":"https:\/\/krajinaziva.sk\/hospodari\/farma-pri-mokradi\/#breadcrumb"},"inLanguage":"en-GB","potentialAction":[{"@type":"ReadAction","target":["https:\/\/krajinaziva.sk\/hospodari\/farma-pri-mokradi\/"]}]},{"@type":"ImageObject","inLanguage":"en-GB","@id":"https:\/\/krajinaziva.sk\/hospodari\/farma-pri-mokradi\/#primaryimage","url":"https:\/\/krajinaziva.sk\/wp-content\/uploads\/2024\/12\/DSC01665.jpg","contentUrl":"https:\/\/krajinaziva.sk\/wp-content\/uploads\/2024\/12\/DSC01665.jpg","width":1620,"height":1080},{"@type":"BreadcrumbList","@id":"https:\/\/krajinaziva.sk\/hospodari\/farma-pri-mokradi\/#breadcrumb","itemListElement":[{"@type":"ListItem","position":1,"name":"Home","item":"https:\/\/krajinaziva.sk\/"},{"@type":"ListItem","position":2,"name":"Farma pri mo\u010diari"}]},{"@type":"WebSite","@id":"https:\/\/krajinaziva.sk\/#website","url":"https:\/\/krajinaziva.sk\/","name":"Living landscape","description":"A living landscape brings wealth for all","publisher":{"@id":"https:\/\/krajinaziva.sk\/#organization"},"potentialAction":[{"@type":"SearchAction","target":{"@type":"EntryPoint","urlTemplate":"https:\/\/krajinaziva.sk\/?s={search_term_string}"},"query-input":{"@type":"PropertyValueSpecification","valueRequired":true,"valueName":"search_term_string"}}],"inLanguage":"en-GB"},{"@type":"Organization","@id":"https:\/\/krajinaziva.sk\/#organization","name":"Living landscape","url":"https:\/\/krajinaziva.sk\/","logo":{"@type":"ImageObject","inLanguage":"en-GB","@id":"https:\/\/krajinaziva.sk\/#\/schema\/logo\/image\/","url":"https:\/\/krajinaziva.sk\/wp-content\/uploads\/2026\/02\/2206_14_BROZ_Ktajina-ziva_1-43-2-1.png","contentUrl":"https:\/\/krajinaziva.sk\/wp-content\/uploads\/2026\/02\/2206_14_BROZ_Ktajina-ziva_1-43-2-1.png","width":1080,"height":1080,"caption":"Krajina \u017eiv\u00e1"},"image":{"@id":"https:\/\/krajinaziva.sk\/#\/schema\/logo\/image\/"}}]}},"_links":{"self":[{"href":"https:\/\/krajinaziva.sk\/en\/wp-json\/wp\/v2\/citadela-item\/5862","targetHints":{"allow":["GET"]}}],"collection":[{"href":"https:\/\/krajinaziva.sk\/en\/wp-json\/wp\/v2\/citadela-item"}],"about":[{"href":"https:\/\/krajinaziva.sk\/en\/wp-json\/wp\/v2\/types\/citadela-item"}],"author":[{"embeddable":true,"href":"https:\/\/krajinaziva.sk\/en\/wp-json\/wp\/v2\/users\/4"}],"version-history":[{"count":6,"href":"https:\/\/krajinaziva.sk\/en\/wp-json\/wp\/v2\/citadela-item\/5862\/revisions"}],"predecessor-version":[{"id":7085,"href":"https:\/\/krajinaziva.sk\/en\/wp-json\/wp\/v2\/citadela-item\/5862\/revisions\/7085"}],"wp:featuredmedia":[{"embeddable":true,"href":"https:\/\/krajinaziva.sk\/en\/wp-json\/wp\/v2\/media\/5863"}],"wp:attachment":[{"href":"https:\/\/krajinaziva.sk\/en\/wp-json\/wp\/v2\/media?parent=5862"}],"wp:term":[{"taxonomy":"citadela-item-category","embeddable":true,"href":"https:\/\/krajinaziva.sk\/en\/wp-json\/wp\/v2\/citadela-item-category?post=5862"},{"taxonomy":"citadela-item-location","embeddable":true,"href":"https:\/\/krajinaziva.sk\/en\/wp-json\/wp\/v2\/citadela-item-location?post=5862"}],"curies":[{"name":"wp","href":"https:\/\/api.w.org\/{rel}","templated":true}]}}