{"id":3686,"date":"2022-10-20T13:27:38","date_gmt":"2022-10-20T11:27:38","guid":{"rendered":"https:\/\/krajinaziva.sk\/?post_type=citadela-item&#038;p=3686"},"modified":"2024-12-20T15:32:15","modified_gmt":"2024-12-20T14:32:15","slug":"farma-pod-ceresnou","status":"publish","type":"citadela-item","link":"https:\/\/krajinaziva.sk\/en\/hospodari\/farma-pod-ceresnou\/","title":{"rendered":"Farma pod \u010dere\u0161\u0148ou"},"content":{"rendered":"<p>Farma pod \u010dere\u0161\u0148ou z\u00edskala ocenenie Farma \u017eiv\u00e1 v roku 2023.<\/p>\n<p>Farma pod \u010dere\u0161\u0148ou je sympatick\u00e1 farma hospod\u00e1riaca v pr\u00edjemnom prostred\u00ed Krupinskej planiny. Ide o rodinn\u00fa farmu so slovensko \u2013 franc\u00fazskym p\u00f4vodom, pri\u010dom franc\u00fazska vetva farm\u00e1r\u010denia je datovan\u00e1 u\u017e od roku 1667. P\u00e1n Emillien Besson hospod\u00e1ri so svojou man\u017eelkou na cca 20 ha, ktor\u00e9 vyu\u017e\u00edvaj\u00fa preva\u017ene na pasenie oviec a v\u00fdrobu sena. Na farme chovaj\u00fa franc\u00fazske plemeno Lacaune. Pozemky farmy s\u00fa v kopcovitom ter\u00e9ne a na farme sa hospod\u00e1ri ve\u013emi \u0161etrn\u00fdm sp\u00f4sobom. Na ornej p\u00f4de vyu\u017e\u00edvaj\u00fa aj bezorbov\u00e9 hospod\u00e1renie, mul\u010dovanie a zelen\u00e9 hnojenie. Pastva je extenz\u00edvna a rota\u010dn\u00e1, \u010do prospieva biodiverzite, p\u00f4de aj ochrane st\u00e1da pred parazitmi.<\/p>\n<p>Farma pon\u00faka v\u00fdrobky z ov\u010dieho mlieka od vo\u013ene pas\u00facich sa ove\u010diek. M\u00f4\u017eete si od farm\u00e1rov k\u00fapi\u0165 \u010derstv\u00fd a zrej\u00faci ov\u010d\u00ed syr, jogurty a kef\u00edr. Zrej\u00faci ov\u010d\u00ed syr vyr\u00e1baj\u00fa tradi\u010dn\u00fdm sp\u00f4sobom. K\u00fdm sa tento syr dostane na st\u00f4l, zrie nieko\u013eko mesiacov v zrecej miestnosti. Plnotu\u010dn\u00fd biely jogurt, v ktorom stoj\u00ed ly\u017eica, obsahuje len mlieko a jogurtov\u00fa kult\u00faru.<\/p>\n<p><iframe title=\"YouTube video player\" src=\"https:\/\/www.youtube.com\/embed\/4jTJkoDiFT8?si=Z9HYiczMZ7_5Tx9_\" width=\"560\" height=\"315\" frameborder=\"0\" allowfullscreen=\"allowfullscreen\"><\/iframe><\/p>","protected":false},"excerpt":{"rendered":"<p>Farma pod \u010dere\u0161\u0148ou z\u00edskala ocenenie Farma \u017eiv\u00e1 v roku 2023. Farma pod \u010dere\u0161\u0148ou je sympatick\u00e1 farma hospod\u00e1riaca v pr\u00edjemnom prostred\u00ed Krupinskej planiny. Ide o rodinn\u00fa farmu so slovensko \u2013 franc\u00fazskym p\u00f4vodom, pri\u010dom franc\u00fazska&hellip;<\/p>","protected":false},"author":1,"featured_media":5921,"menu_order":0,"template":"","citadela-item-category":[97,56],"citadela-item-location":[70],"class_list":["post-3686","citadela-item","type-citadela-item","status-publish","has-post-thumbnail","hentry","citadela-item-category-farma-ziva","citadela-item-category-ovcie-mlieko","citadela-item-location-banskobystricky-kraj"],"yoast_head":"<!-- This site is optimized with the Yoast SEO plugin v26.4 - https:\/\/yoast.com\/wordpress\/plugins\/seo\/ -->\n<title>Farma pod \u010dere\u0161\u0148ou - Krajina \u017eiv\u00e1<\/title>\n<meta name=\"robots\" content=\"index, follow, max-snippet:-1, max-image-preview:large, max-video-preview:-1\" \/>\n<link rel=\"canonical\" href=\"https:\/\/krajinaziva.sk\/en\/hospodari\/farma-pod-ceresnou\/\" \/>\n<meta property=\"og:locale\" content=\"en_GB\" \/>\n<meta property=\"og:type\" content=\"article\" \/>\n<meta property=\"og:title\" content=\"Farma pod \u010dere\u0161\u0148ou - Krajina \u017eiv\u00e1\" \/>\n<meta property=\"og:description\" content=\"Farma pod \u010dere\u0161\u0148ou z\u00edskala ocenenie Farma \u017eiv\u00e1 v roku 2023. Farma pod \u010dere\u0161\u0148ou je sympatick\u00e1 farma hospod\u00e1riaca v pr\u00edjemnom prostred\u00ed Krupinskej planiny. Ide o rodinn\u00fa farmu so slovensko \u2013 franc\u00fazskym p\u00f4vodom, pri\u010dom franc\u00fazska&hellip;\" \/>\n<meta property=\"og:url\" content=\"https:\/\/krajinaziva.sk\/en\/hospodari\/farma-pod-ceresnou\/\" \/>\n<meta property=\"og:site_name\" content=\"Krajina \u017eiv\u00e1\" \/>\n<meta property=\"article:modified_time\" content=\"2024-12-20T14:32:15+00:00\" \/>\n<meta property=\"og:image\" content=\"https:\/\/krajinaziva.sk\/wp-content\/uploads\/2022\/10\/DSC02429.jpg\" \/>\n\t<meta property=\"og:image:width\" content=\"1620\" \/>\n\t<meta property=\"og:image:height\" content=\"1080\" \/>\n\t<meta property=\"og:image:type\" content=\"image\/jpeg\" \/>\n<meta name=\"twitter:card\" content=\"summary_large_image\" \/>\n<meta name=\"twitter:label1\" content=\"Estimated reading time\" \/>\n\t<meta name=\"twitter:data1\" content=\"2 minutes\" \/>\n<script type=\"application\/ld+json\" class=\"yoast-schema-graph\">{\"@context\":\"https:\/\/schema.org\",\"@graph\":[{\"@type\":\"WebPage\",\"@id\":\"https:\/\/krajinaziva.sk\/hospodari\/farma-pod-ceresnou\/\",\"url\":\"https:\/\/krajinaziva.sk\/hospodari\/farma-pod-ceresnou\/\",\"name\":\"Farma pod \u010dere\u0161\u0148ou - Krajina \u017eiv\u00e1\",\"isPartOf\":{\"@id\":\"https:\/\/krajinaziva.sk\/#website\"},\"primaryImageOfPage\":{\"@id\":\"https:\/\/krajinaziva.sk\/hospodari\/farma-pod-ceresnou\/#primaryimage\"},\"image\":{\"@id\":\"https:\/\/krajinaziva.sk\/hospodari\/farma-pod-ceresnou\/#primaryimage\"},\"thumbnailUrl\":\"https:\/\/krajinaziva.sk\/wp-content\/uploads\/2022\/10\/DSC02429.jpg\",\"datePublished\":\"2022-10-20T11:27:38+00:00\",\"dateModified\":\"2024-12-20T14:32:15+00:00\",\"breadcrumb\":{\"@id\":\"https:\/\/krajinaziva.sk\/hospodari\/farma-pod-ceresnou\/#breadcrumb\"},\"inLanguage\":\"en-GB\",\"potentialAction\":[{\"@type\":\"ReadAction\",\"target\":[\"https:\/\/krajinaziva.sk\/hospodari\/farma-pod-ceresnou\/\"]}]},{\"@type\":\"ImageObject\",\"inLanguage\":\"en-GB\",\"@id\":\"https:\/\/krajinaziva.sk\/hospodari\/farma-pod-ceresnou\/#primaryimage\",\"url\":\"https:\/\/krajinaziva.sk\/wp-content\/uploads\/2022\/10\/DSC02429.jpg\",\"contentUrl\":\"https:\/\/krajinaziva.sk\/wp-content\/uploads\/2022\/10\/DSC02429.jpg\",\"width\":1620,\"height\":1080},{\"@type\":\"BreadcrumbList\",\"@id\":\"https:\/\/krajinaziva.sk\/hospodari\/farma-pod-ceresnou\/#breadcrumb\",\"itemListElement\":[{\"@type\":\"ListItem\",\"position\":1,\"name\":\"Home\",\"item\":\"https:\/\/krajinaziva.sk\/\"},{\"@type\":\"ListItem\",\"position\":2,\"name\":\"Farma pod \u010dere\u0161\u0148ou\"}]},{\"@type\":\"WebSite\",\"@id\":\"https:\/\/krajinaziva.sk\/#website\",\"url\":\"https:\/\/krajinaziva.sk\/\",\"name\":\"Krajina \u017eiv\u00e1\",\"description\":\"\u017div\u00e1 krajina prin\u00e1\u0161a hojnos\u0165 pre v\u0161etk\u00fdch\",\"publisher\":{\"@id\":\"https:\/\/krajinaziva.sk\/#organization\"},\"potentialAction\":[{\"@type\":\"SearchAction\",\"target\":{\"@type\":\"EntryPoint\",\"urlTemplate\":\"https:\/\/krajinaziva.sk\/?s={search_term_string}\"},\"query-input\":{\"@type\":\"PropertyValueSpecification\",\"valueRequired\":true,\"valueName\":\"search_term_string\"}}],\"inLanguage\":\"en-GB\"},{\"@type\":\"Organization\",\"@id\":\"https:\/\/krajinaziva.sk\/#organization\",\"name\":\"Krajina \u017eiv\u00e1\",\"url\":\"https:\/\/krajinaziva.sk\/\",\"logo\":{\"@type\":\"ImageObject\",\"inLanguage\":\"en-GB\",\"@id\":\"https:\/\/krajinaziva.sk\/#\/schema\/logo\/image\/\",\"url\":\"https:\/\/krajinaziva.sk\/wp-content\/uploads\/2026\/02\/2206_14_BROZ_Ktajina-ziva_1-43-2-1.png\",\"contentUrl\":\"https:\/\/krajinaziva.sk\/wp-content\/uploads\/2026\/02\/2206_14_BROZ_Ktajina-ziva_1-43-2-1.png\",\"width\":1080,\"height\":1080,\"caption\":\"Krajina \u017eiv\u00e1\"},\"image\":{\"@id\":\"https:\/\/krajinaziva.sk\/#\/schema\/logo\/image\/\"}}]}<\/script>\n<!-- \/ Yoast SEO plugin. -->","yoast_head_json":{"title":"Farma pod \u010dere\u0161\u0148ou - Krajina \u017eiv\u00e1","robots":{"index":"index","follow":"follow","max-snippet":"max-snippet:-1","max-image-preview":"max-image-preview:large","max-video-preview":"max-video-preview:-1"},"canonical":"https:\/\/krajinaziva.sk\/en\/hospodari\/farma-pod-ceresnou\/","og_locale":"en_GB","og_type":"article","og_title":"Farma pod \u010dere\u0161\u0148ou - Krajina \u017eiv\u00e1","og_description":"Farma pod \u010dere\u0161\u0148ou z\u00edskala ocenenie Farma \u017eiv\u00e1 v roku 2023. Farma pod \u010dere\u0161\u0148ou je sympatick\u00e1 farma hospod\u00e1riaca v pr\u00edjemnom prostred\u00ed Krupinskej planiny. Ide o rodinn\u00fa farmu so slovensko \u2013 franc\u00fazskym p\u00f4vodom, pri\u010dom franc\u00fazska&hellip;","og_url":"https:\/\/krajinaziva.sk\/en\/hospodari\/farma-pod-ceresnou\/","og_site_name":"Krajina \u017eiv\u00e1","article_modified_time":"2024-12-20T14:32:15+00:00","og_image":[{"width":1620,"height":1080,"url":"https:\/\/krajinaziva.sk\/wp-content\/uploads\/2022\/10\/DSC02429.jpg","type":"image\/jpeg"}],"twitter_card":"summary_large_image","twitter_misc":{"Estimated reading time":"2 minutes"},"schema":{"@context":"https:\/\/schema.org","@graph":[{"@type":"WebPage","@id":"https:\/\/krajinaziva.sk\/hospodari\/farma-pod-ceresnou\/","url":"https:\/\/krajinaziva.sk\/hospodari\/farma-pod-ceresnou\/","name":"Farma pod \u010dere\u0161\u0148ou - Krajina \u017eiv\u00e1","isPartOf":{"@id":"https:\/\/krajinaziva.sk\/#website"},"primaryImageOfPage":{"@id":"https:\/\/krajinaziva.sk\/hospodari\/farma-pod-ceresnou\/#primaryimage"},"image":{"@id":"https:\/\/krajinaziva.sk\/hospodari\/farma-pod-ceresnou\/#primaryimage"},"thumbnailUrl":"https:\/\/krajinaziva.sk\/wp-content\/uploads\/2022\/10\/DSC02429.jpg","datePublished":"2022-10-20T11:27:38+00:00","dateModified":"2024-12-20T14:32:15+00:00","breadcrumb":{"@id":"https:\/\/krajinaziva.sk\/hospodari\/farma-pod-ceresnou\/#breadcrumb"},"inLanguage":"en-GB","potentialAction":[{"@type":"ReadAction","target":["https:\/\/krajinaziva.sk\/hospodari\/farma-pod-ceresnou\/"]}]},{"@type":"ImageObject","inLanguage":"en-GB","@id":"https:\/\/krajinaziva.sk\/hospodari\/farma-pod-ceresnou\/#primaryimage","url":"https:\/\/krajinaziva.sk\/wp-content\/uploads\/2022\/10\/DSC02429.jpg","contentUrl":"https:\/\/krajinaziva.sk\/wp-content\/uploads\/2022\/10\/DSC02429.jpg","width":1620,"height":1080},{"@type":"BreadcrumbList","@id":"https:\/\/krajinaziva.sk\/hospodari\/farma-pod-ceresnou\/#breadcrumb","itemListElement":[{"@type":"ListItem","position":1,"name":"Home","item":"https:\/\/krajinaziva.sk\/"},{"@type":"ListItem","position":2,"name":"Farma pod \u010dere\u0161\u0148ou"}]},{"@type":"WebSite","@id":"https:\/\/krajinaziva.sk\/#website","url":"https:\/\/krajinaziva.sk\/","name":"Living landscape","description":"A living landscape brings wealth for all","publisher":{"@id":"https:\/\/krajinaziva.sk\/#organization"},"potentialAction":[{"@type":"SearchAction","target":{"@type":"EntryPoint","urlTemplate":"https:\/\/krajinaziva.sk\/?s={search_term_string}"},"query-input":{"@type":"PropertyValueSpecification","valueRequired":true,"valueName":"search_term_string"}}],"inLanguage":"en-GB"},{"@type":"Organization","@id":"https:\/\/krajinaziva.sk\/#organization","name":"Living landscape","url":"https:\/\/krajinaziva.sk\/","logo":{"@type":"ImageObject","inLanguage":"en-GB","@id":"https:\/\/krajinaziva.sk\/#\/schema\/logo\/image\/","url":"https:\/\/krajinaziva.sk\/wp-content\/uploads\/2026\/02\/2206_14_BROZ_Ktajina-ziva_1-43-2-1.png","contentUrl":"https:\/\/krajinaziva.sk\/wp-content\/uploads\/2026\/02\/2206_14_BROZ_Ktajina-ziva_1-43-2-1.png","width":1080,"height":1080,"caption":"Krajina \u017eiv\u00e1"},"image":{"@id":"https:\/\/krajinaziva.sk\/#\/schema\/logo\/image\/"}}]}},"_links":{"self":[{"href":"https:\/\/krajinaziva.sk\/en\/wp-json\/wp\/v2\/citadela-item\/3686","targetHints":{"allow":["GET"]}}],"collection":[{"href":"https:\/\/krajinaziva.sk\/en\/wp-json\/wp\/v2\/citadela-item"}],"about":[{"href":"https:\/\/krajinaziva.sk\/en\/wp-json\/wp\/v2\/types\/citadela-item"}],"author":[{"embeddable":true,"href":"https:\/\/krajinaziva.sk\/en\/wp-json\/wp\/v2\/users\/1"}],"version-history":[{"count":4,"href":"https:\/\/krajinaziva.sk\/en\/wp-json\/wp\/v2\/citadela-item\/3686\/revisions"}],"predecessor-version":[{"id":4727,"href":"https:\/\/krajinaziva.sk\/en\/wp-json\/wp\/v2\/citadela-item\/3686\/revisions\/4727"}],"wp:featuredmedia":[{"embeddable":true,"href":"https:\/\/krajinaziva.sk\/en\/wp-json\/wp\/v2\/media\/5921"}],"wp:attachment":[{"href":"https:\/\/krajinaziva.sk\/en\/wp-json\/wp\/v2\/media?parent=3686"}],"wp:term":[{"taxonomy":"citadela-item-category","embeddable":true,"href":"https:\/\/krajinaziva.sk\/en\/wp-json\/wp\/v2\/citadela-item-category?post=3686"},{"taxonomy":"citadela-item-location","embeddable":true,"href":"https:\/\/krajinaziva.sk\/en\/wp-json\/wp\/v2\/citadela-item-location?post=3686"}],"curies":[{"name":"wp","href":"https:\/\/api.w.org\/{rel}","templated":true}]}}