{"id":3650,"date":"2022-10-17T10:15:41","date_gmt":"2022-10-17T08:15:41","guid":{"rendered":"https:\/\/krajinaziva.sk\/?post_type=citadela-item&#038;p=3650"},"modified":"2024-12-20T15:45:19","modified_gmt":"2024-12-20T14:45:19","slug":"farma-vegget-microfarm","status":"publish","type":"citadela-item","link":"https:\/\/krajinaziva.sk\/en\/hospodari\/farma-vegget-microfarm\/","title":{"rendered":"Farma Vegget microfarm"},"content":{"rendered":"<div><span dir=\"auto\">Farmu Vegget microfarm sme zaradili do programu Krajina \u017eiv\u00e1<\/span><\/div>\n<div>\n<p>Vegget microfarm je mal\u00e1 rodinn\u00e1 farma, ktor\u00e1 si v bratislavsk\u00fdch Vajnoroch prenajala pol\u00ed\u010dko od miestneho dru\u017estva. Do pren\u00e1jmu dostali be\u017en\u00fa orn\u00fa p\u00f4du o v\u00fdmere 1,3 hekt\u00e1ra, na ktorej od m\u00e1ja 2021 vytv\u00e1raj\u00fa regenerat\u00edvnu organick\u00fa farmu.Farma funguje na tzv. predplatnom lok\u00e1lnej zeleniny. Ide model zn\u00e1my ako CSA (community supported agriculture), ktor\u00fd pom\u00e1ha mnoh\u00fdm farm\u00e1m v r\u00e1mci cel\u00e9ho sveta udr\u017ea\u0165 svoju \u017eivotaschopnos\u0165 aj v n\u00e1ro\u010dnej\u0161\u00edch obdobiach. Ide o dohodu medzi pestovate\u013eom a sez\u00f3nnym odberate\u013eom, pri\u010dom farma odberate\u013eovi ka\u017ed\u00fd t\u00fd\u017ede\u0148 zabezpe\u010d\u00ed debni\u010dku \u010derstvej \u00farody.<\/p>\n<p>Okrem toho farma Vegget microfarm pon\u00faka svojim odberate\u013eom ak n\u00e1vod o tom, na \u010do m\u00f4\u017eu obsah sez\u00f3nnej debni\u010dky vyu\u017ei\u0165 a aj recepty na \u010fal\u0161ie spracovanie a skladovanie. Takto svoju energiu nemusia po\u010das sez\u00f3ny investova\u0165 na pl\u00e1novanie predaja a ostane im priestor na organiz\u00e1ciu vzdel\u00e1vac\u00edch aktiv\u00edt. M\u00f4\u017eeme preto poveda\u0165, \u017ee ve\u013ek\u00fdm pr\u00ednosom farmy Vegget microfarm je to, \u017ee okrem pestovania organickej lok\u00e1lnej zeleniny, sa podie\u013eaj\u00fa aj na pre\u00fa\u010dan\u00ed konzumn\u00e9ho spr\u00e1vania spotrebite\u013eov a vzdel\u00e1van\u00ed k v\u00e4\u010d\u0161ej udr\u017eate\u013enosti.<\/p>\n<p>Vyjadrenia \u010dlenov odbornej komisie programu Krajina \u017eiv\u00e1 po n\u00e1v\u0161teve farmy:<\/p>\n<p>Mgr. Dobromil Galv\u00e1nek, PhD., botanik:<br \/>\n\u201ePestr\u00e9 zeleninov\u00e9 z\u00e1hony o\u017eivili hospod\u00e1rsky dvor vo Vajnoroch a s\u00fa zauj\u00edmav\u00fdm ostrov\u010dekom pestrosti na okraji ve\u013ekomesta.\u201c<\/p>\n<p>Doc. RNDr. Eva Bul\u00e1nkov\u00e1, CSc., hydrobiologi\u010dka:<br \/>\n\u201eNa farme Vegget sa mi p\u00e1\u010dilo, \u017ee mali medzi zeleninou ve\u013ea kvet\u00edn, ktor\u00e9 l\u00e1kali hmyz a t\u00fdm bola zaisten\u00e1 vysok\u00e1 biodiverzita.\u201c<\/p>\n<p>Ing. Jaroslav Jankovi\u010da CSc., agrolesn\u00edk:<br \/>\n\u201eRodinn\u00e1 farma na ktorej sa uplat\u0148uj\u00fa takmer v\u0161etky prvky regenerat\u00edvneho po\u013enohospod\u00e1rstva (s v\u00fdnimkou agrolesn\u00edctva). Hlavn\u00fdm rysom tejto farmy je \u0161etrn\u00e9 zaobch\u00e1dzanie s p\u00f4dou a vyu\u017e\u00edvanie kompostov pri pestovan\u00ed zeleniny, byliniek a kvetov.\u201c<\/p>\n<p>Mgr. Adriana Holo\u0161kov\u00e1, ornitologi\u010dka:<br \/>\n\u201eVysievan\u00edm kvetov pomedzi zeleninov\u00e9 z\u00e1hony vytv\u00e1ra Vegget microfarm v\u00fdborn\u00e9 podmienky pre ope\u013eova\u010de, ale aj mno\u017estvo \u010fal\u0161\u00edch bezstavovcov.\u201c<\/p>\n<\/div>\n<div><\/div>\n<p><iframe title=\"Krajina \u017eiv\u00e1: Vegget microfarm - Bratislava, Vajnory\" src=\"https:\/\/www.youtube.com\/embed\/JcyVvedQg68\" width=\"1148\" height=\"654\" frameborder=\"0\" allowfullscreen=\"allowfullscreen\"><\/iframe><\/p>\n<div><\/div>\n<div>odkaz na video:<br \/>\n<a href=\"https:\/\/www.youtube.com\/watch?v=JcyVvedQg68\" target=\"_blank\" rel=\"noopener\">https:\/\/www.youtube.com\/watch?v=JcyVvedQg68<\/a><\/div>","protected":false},"excerpt":{"rendered":"<p>Farmu Vegget microfarm sme zaradili do programu Krajina \u017eiv\u00e1 Vegget microfarm je mal\u00e1 rodinn\u00e1 farma, ktor\u00e1 si v bratislavsk\u00fdch Vajnoroch prenajala pol\u00ed\u010dko od miestneho dru\u017estva. Do pren\u00e1jmu dostali be\u017en\u00fa orn\u00fa p\u00f4du o v\u00fdmere&hellip;<\/p>","protected":false},"author":1,"featured_media":5931,"menu_order":0,"template":"","citadela-item-category":[97,82],"citadela-item-location":[68],"class_list":["post-3650","citadela-item","type-citadela-item","status-publish","has-post-thumbnail","hentry","citadela-item-category-farma-ziva","citadela-item-category-zelenina-ovocie","citadela-item-location-bratislavsky-kraj"],"yoast_head":"<!-- This site is optimized with the Yoast SEO plugin v26.4 - https:\/\/yoast.com\/wordpress\/plugins\/seo\/ -->\n<title>Farma Vegget microfarm - Krajina \u017eiv\u00e1<\/title>\n<meta name=\"robots\" content=\"index, follow, max-snippet:-1, max-image-preview:large, max-video-preview:-1\" \/>\n<link rel=\"canonical\" href=\"https:\/\/krajinaziva.sk\/en\/hospodari\/farma-vegget-microfarm\/\" \/>\n<meta property=\"og:locale\" content=\"en_GB\" \/>\n<meta property=\"og:type\" content=\"article\" \/>\n<meta property=\"og:title\" content=\"Farma Vegget microfarm - Krajina \u017eiv\u00e1\" \/>\n<meta property=\"og:description\" content=\"Farmu Vegget microfarm sme zaradili do programu Krajina \u017eiv\u00e1 Vegget microfarm je mal\u00e1 rodinn\u00e1 farma, ktor\u00e1 si v bratislavsk\u00fdch Vajnoroch prenajala pol\u00ed\u010dko od miestneho dru\u017estva. Do pren\u00e1jmu dostali be\u017en\u00fa orn\u00fa p\u00f4du o v\u00fdmere&hellip;\" \/>\n<meta property=\"og:url\" content=\"https:\/\/krajinaziva.sk\/en\/hospodari\/farma-vegget-microfarm\/\" \/>\n<meta property=\"og:site_name\" content=\"Krajina \u017eiv\u00e1\" \/>\n<meta property=\"article:modified_time\" content=\"2024-12-20T14:45:19+00:00\" \/>\n<meta property=\"og:image\" content=\"https:\/\/krajinaziva.sk\/wp-content\/uploads\/2022\/10\/DSC08181.jpg\" \/>\n\t<meta property=\"og:image:width\" content=\"1080\" \/>\n\t<meta property=\"og:image:height\" content=\"1620\" \/>\n\t<meta property=\"og:image:type\" content=\"image\/jpeg\" \/>\n<meta name=\"twitter:card\" content=\"summary_large_image\" \/>\n<meta name=\"twitter:label1\" content=\"Estimated reading time\" \/>\n\t<meta name=\"twitter:data1\" content=\"2 minutes\" \/>\n<script type=\"application\/ld+json\" class=\"yoast-schema-graph\">{\"@context\":\"https:\/\/schema.org\",\"@graph\":[{\"@type\":\"WebPage\",\"@id\":\"https:\/\/krajinaziva.sk\/hospodari\/farma-vegget-microfarm\/\",\"url\":\"https:\/\/krajinaziva.sk\/hospodari\/farma-vegget-microfarm\/\",\"name\":\"Farma Vegget microfarm - Krajina \u017eiv\u00e1\",\"isPartOf\":{\"@id\":\"https:\/\/krajinaziva.sk\/#website\"},\"primaryImageOfPage\":{\"@id\":\"https:\/\/krajinaziva.sk\/hospodari\/farma-vegget-microfarm\/#primaryimage\"},\"image\":{\"@id\":\"https:\/\/krajinaziva.sk\/hospodari\/farma-vegget-microfarm\/#primaryimage\"},\"thumbnailUrl\":\"https:\/\/krajinaziva.sk\/wp-content\/uploads\/2022\/10\/DSC08181.jpg\",\"datePublished\":\"2022-10-17T08:15:41+00:00\",\"dateModified\":\"2024-12-20T14:45:19+00:00\",\"breadcrumb\":{\"@id\":\"https:\/\/krajinaziva.sk\/hospodari\/farma-vegget-microfarm\/#breadcrumb\"},\"inLanguage\":\"en-GB\",\"potentialAction\":[{\"@type\":\"ReadAction\",\"target\":[\"https:\/\/krajinaziva.sk\/hospodari\/farma-vegget-microfarm\/\"]}]},{\"@type\":\"ImageObject\",\"inLanguage\":\"en-GB\",\"@id\":\"https:\/\/krajinaziva.sk\/hospodari\/farma-vegget-microfarm\/#primaryimage\",\"url\":\"https:\/\/krajinaziva.sk\/wp-content\/uploads\/2022\/10\/DSC08181.jpg\",\"contentUrl\":\"https:\/\/krajinaziva.sk\/wp-content\/uploads\/2022\/10\/DSC08181.jpg\",\"width\":1080,\"height\":1620},{\"@type\":\"BreadcrumbList\",\"@id\":\"https:\/\/krajinaziva.sk\/hospodari\/farma-vegget-microfarm\/#breadcrumb\",\"itemListElement\":[{\"@type\":\"ListItem\",\"position\":1,\"name\":\"Home\",\"item\":\"https:\/\/krajinaziva.sk\/\"},{\"@type\":\"ListItem\",\"position\":2,\"name\":\"Farma Vegget microfarm\"}]},{\"@type\":\"WebSite\",\"@id\":\"https:\/\/krajinaziva.sk\/#website\",\"url\":\"https:\/\/krajinaziva.sk\/\",\"name\":\"Krajina \u017eiv\u00e1\",\"description\":\"\u017div\u00e1 krajina prin\u00e1\u0161a hojnos\u0165 pre v\u0161etk\u00fdch\",\"publisher\":{\"@id\":\"https:\/\/krajinaziva.sk\/#organization\"},\"potentialAction\":[{\"@type\":\"SearchAction\",\"target\":{\"@type\":\"EntryPoint\",\"urlTemplate\":\"https:\/\/krajinaziva.sk\/?s={search_term_string}\"},\"query-input\":{\"@type\":\"PropertyValueSpecification\",\"valueRequired\":true,\"valueName\":\"search_term_string\"}}],\"inLanguage\":\"en-GB\"},{\"@type\":\"Organization\",\"@id\":\"https:\/\/krajinaziva.sk\/#organization\",\"name\":\"Krajina \u017eiv\u00e1\",\"url\":\"https:\/\/krajinaziva.sk\/\",\"logo\":{\"@type\":\"ImageObject\",\"inLanguage\":\"en-GB\",\"@id\":\"https:\/\/krajinaziva.sk\/#\/schema\/logo\/image\/\",\"url\":\"https:\/\/krajinaziva.sk\/wp-content\/uploads\/2026\/02\/2206_14_BROZ_Ktajina-ziva_1-43-2-1.png\",\"contentUrl\":\"https:\/\/krajinaziva.sk\/wp-content\/uploads\/2026\/02\/2206_14_BROZ_Ktajina-ziva_1-43-2-1.png\",\"width\":1080,\"height\":1080,\"caption\":\"Krajina \u017eiv\u00e1\"},\"image\":{\"@id\":\"https:\/\/krajinaziva.sk\/#\/schema\/logo\/image\/\"}}]}<\/script>\n<!-- \/ Yoast SEO plugin. -->","yoast_head_json":{"title":"Farma Vegget microfarm - Krajina \u017eiv\u00e1","robots":{"index":"index","follow":"follow","max-snippet":"max-snippet:-1","max-image-preview":"max-image-preview:large","max-video-preview":"max-video-preview:-1"},"canonical":"https:\/\/krajinaziva.sk\/en\/hospodari\/farma-vegget-microfarm\/","og_locale":"en_GB","og_type":"article","og_title":"Farma Vegget microfarm - Krajina \u017eiv\u00e1","og_description":"Farmu Vegget microfarm sme zaradili do programu Krajina \u017eiv\u00e1 Vegget microfarm je mal\u00e1 rodinn\u00e1 farma, ktor\u00e1 si v bratislavsk\u00fdch Vajnoroch prenajala pol\u00ed\u010dko od miestneho dru\u017estva. Do pren\u00e1jmu dostali be\u017en\u00fa orn\u00fa p\u00f4du o v\u00fdmere&hellip;","og_url":"https:\/\/krajinaziva.sk\/en\/hospodari\/farma-vegget-microfarm\/","og_site_name":"Krajina \u017eiv\u00e1","article_modified_time":"2024-12-20T14:45:19+00:00","og_image":[{"width":1080,"height":1620,"url":"https:\/\/krajinaziva.sk\/wp-content\/uploads\/2022\/10\/DSC08181.jpg","type":"image\/jpeg"}],"twitter_card":"summary_large_image","twitter_misc":{"Estimated reading time":"2 minutes"},"schema":{"@context":"https:\/\/schema.org","@graph":[{"@type":"WebPage","@id":"https:\/\/krajinaziva.sk\/hospodari\/farma-vegget-microfarm\/","url":"https:\/\/krajinaziva.sk\/hospodari\/farma-vegget-microfarm\/","name":"Farma Vegget microfarm - Krajina \u017eiv\u00e1","isPartOf":{"@id":"https:\/\/krajinaziva.sk\/#website"},"primaryImageOfPage":{"@id":"https:\/\/krajinaziva.sk\/hospodari\/farma-vegget-microfarm\/#primaryimage"},"image":{"@id":"https:\/\/krajinaziva.sk\/hospodari\/farma-vegget-microfarm\/#primaryimage"},"thumbnailUrl":"https:\/\/krajinaziva.sk\/wp-content\/uploads\/2022\/10\/DSC08181.jpg","datePublished":"2022-10-17T08:15:41+00:00","dateModified":"2024-12-20T14:45:19+00:00","breadcrumb":{"@id":"https:\/\/krajinaziva.sk\/hospodari\/farma-vegget-microfarm\/#breadcrumb"},"inLanguage":"en-GB","potentialAction":[{"@type":"ReadAction","target":["https:\/\/krajinaziva.sk\/hospodari\/farma-vegget-microfarm\/"]}]},{"@type":"ImageObject","inLanguage":"en-GB","@id":"https:\/\/krajinaziva.sk\/hospodari\/farma-vegget-microfarm\/#primaryimage","url":"https:\/\/krajinaziva.sk\/wp-content\/uploads\/2022\/10\/DSC08181.jpg","contentUrl":"https:\/\/krajinaziva.sk\/wp-content\/uploads\/2022\/10\/DSC08181.jpg","width":1080,"height":1620},{"@type":"BreadcrumbList","@id":"https:\/\/krajinaziva.sk\/hospodari\/farma-vegget-microfarm\/#breadcrumb","itemListElement":[{"@type":"ListItem","position":1,"name":"Home","item":"https:\/\/krajinaziva.sk\/"},{"@type":"ListItem","position":2,"name":"Farma Vegget microfarm"}]},{"@type":"WebSite","@id":"https:\/\/krajinaziva.sk\/#website","url":"https:\/\/krajinaziva.sk\/","name":"Living landscape","description":"A living landscape brings wealth for all","publisher":{"@id":"https:\/\/krajinaziva.sk\/#organization"},"potentialAction":[{"@type":"SearchAction","target":{"@type":"EntryPoint","urlTemplate":"https:\/\/krajinaziva.sk\/?s={search_term_string}"},"query-input":{"@type":"PropertyValueSpecification","valueRequired":true,"valueName":"search_term_string"}}],"inLanguage":"en-GB"},{"@type":"Organization","@id":"https:\/\/krajinaziva.sk\/#organization","name":"Living landscape","url":"https:\/\/krajinaziva.sk\/","logo":{"@type":"ImageObject","inLanguage":"en-GB","@id":"https:\/\/krajinaziva.sk\/#\/schema\/logo\/image\/","url":"https:\/\/krajinaziva.sk\/wp-content\/uploads\/2026\/02\/2206_14_BROZ_Ktajina-ziva_1-43-2-1.png","contentUrl":"https:\/\/krajinaziva.sk\/wp-content\/uploads\/2026\/02\/2206_14_BROZ_Ktajina-ziva_1-43-2-1.png","width":1080,"height":1080,"caption":"Krajina \u017eiv\u00e1"},"image":{"@id":"https:\/\/krajinaziva.sk\/#\/schema\/logo\/image\/"}}]}},"_links":{"self":[{"href":"https:\/\/krajinaziva.sk\/en\/wp-json\/wp\/v2\/citadela-item\/3650","targetHints":{"allow":["GET"]}}],"collection":[{"href":"https:\/\/krajinaziva.sk\/en\/wp-json\/wp\/v2\/citadela-item"}],"about":[{"href":"https:\/\/krajinaziva.sk\/en\/wp-json\/wp\/v2\/types\/citadela-item"}],"author":[{"embeddable":true,"href":"https:\/\/krajinaziva.sk\/en\/wp-json\/wp\/v2\/users\/1"}],"version-history":[{"count":3,"href":"https:\/\/krajinaziva.sk\/en\/wp-json\/wp\/v2\/citadela-item\/3650\/revisions"}],"predecessor-version":[{"id":5902,"href":"https:\/\/krajinaziva.sk\/en\/wp-json\/wp\/v2\/citadela-item\/3650\/revisions\/5902"}],"wp:featuredmedia":[{"embeddable":true,"href":"https:\/\/krajinaziva.sk\/en\/wp-json\/wp\/v2\/media\/5931"}],"wp:attachment":[{"href":"https:\/\/krajinaziva.sk\/en\/wp-json\/wp\/v2\/media?parent=3650"}],"wp:term":[{"taxonomy":"citadela-item-category","embeddable":true,"href":"https:\/\/krajinaziva.sk\/en\/wp-json\/wp\/v2\/citadela-item-category?post=3650"},{"taxonomy":"citadela-item-location","embeddable":true,"href":"https:\/\/krajinaziva.sk\/en\/wp-json\/wp\/v2\/citadela-item-location?post=3650"}],"curies":[{"name":"wp","href":"https:\/\/api.w.org\/{rel}","templated":true}]}}