{"id":2858,"date":"2022-01-31T10:44:10","date_gmt":"2022-01-31T09:44:10","guid":{"rendered":"https:\/\/krajinaziva.sk\/?post_type=citadela-item&#038;p=2858"},"modified":"2022-02-22T13:05:22","modified_gmt":"2022-02-22T12:05:22","slug":"roman-halas-uev-sedliska","status":"publish","type":"citadela-item","link":"https:\/\/krajinaziva.sk\/en\/hospodari\/roman-halas-uev-sedliska\/","title":{"rendered":"Roman Hal\u00e1s &#8211; \u00daEV Sedlisk\u00e1"},"content":{"rendered":"<p>Hospod\u00e1r Roman Hal\u00e1s pasie svoje kozy na lokalite UEV Sedlisk\u00e1, ktor\u00e1 sa nach\u00e1dza nad mestom Hlohovec. Sedlisk\u00e1 s\u00fa v\u00fdznamn\u00e9 t\u00fdm, \u017ee tu m\u00f4\u017eeme n\u00e1js\u0165 kr\u00e1sne farebn\u00e9 koberce poniklecov ve\u013ekokvet\u00fdch, poniklecov l\u00fa\u010dnych \u010desk\u00fdch, viacer\u00fdch druhov vstava\u010dov, jasencov bielych a hlav\u00e1\u010dikov jarn\u00fdch. Hospod\u00e1r sa venuje produkcii kozieho mlieka, syra a m\u00e4sa.<\/p>","protected":false},"excerpt":{"rendered":"<p>Hospod\u00e1r Roman Hal\u00e1s pasie svoje kozy na lokalite UEV Sedlisk\u00e1, ktor\u00e1 sa nach\u00e1dza nad mestom Hlohovec. Sedlisk\u00e1 s\u00fa v\u00fdznamn\u00e9 t\u00fdm, \u017ee tu m\u00f4\u017eeme n\u00e1js\u0165 kr\u00e1sne farebn\u00e9 koberce poniklecov ve\u013ekokvet\u00fdch, poniklecov l\u00fa\u010dnych \u010desk\u00fdch, viacer\u00fdch&hellip;<\/p>","protected":false},"author":1,"featured_media":2846,"menu_order":7,"template":"","citadela-item-category":[60],"citadela-item-location":[71],"class_list":["post-2858","citadela-item","type-citadela-item","status-publish","has-post-thumbnail","hentry","citadela-item-category-kozie-mlieko","citadela-item-location-trnavsky-kraj"],"yoast_head":"<!-- This site is optimized with the Yoast SEO plugin v26.4 - https:\/\/yoast.com\/wordpress\/plugins\/seo\/ -->\n<title>Roman Hal\u00e1s - \u00daEV Sedlisk\u00e1 - Krajina \u017eiv\u00e1<\/title>\n<meta name=\"robots\" content=\"index, follow, max-snippet:-1, max-image-preview:large, max-video-preview:-1\" \/>\n<link rel=\"canonical\" href=\"https:\/\/krajinaziva.sk\/en\/hospodari\/roman-halas-uev-sedliska\/\" \/>\n<meta property=\"og:locale\" content=\"en_GB\" \/>\n<meta property=\"og:type\" content=\"article\" \/>\n<meta property=\"og:title\" content=\"Roman Hal\u00e1s - \u00daEV Sedlisk\u00e1 - Krajina \u017eiv\u00e1\" \/>\n<meta property=\"og:description\" content=\"Hospod\u00e1r Roman Hal\u00e1s pasie svoje kozy na lokalite UEV Sedlisk\u00e1, ktor\u00e1 sa nach\u00e1dza nad mestom Hlohovec. Sedlisk\u00e1 s\u00fa v\u00fdznamn\u00e9 t\u00fdm, \u017ee tu m\u00f4\u017eeme n\u00e1js\u0165 kr\u00e1sne farebn\u00e9 koberce poniklecov ve\u013ekokvet\u00fdch, poniklecov l\u00fa\u010dnych \u010desk\u00fdch, viacer\u00fdch&hellip;\" \/>\n<meta property=\"og:url\" content=\"https:\/\/krajinaziva.sk\/en\/hospodari\/roman-halas-uev-sedliska\/\" \/>\n<meta property=\"og:site_name\" content=\"Krajina \u017eiv\u00e1\" \/>\n<meta property=\"article:modified_time\" content=\"2022-02-22T12:05:22+00:00\" \/>\n<meta property=\"og:image\" content=\"https:\/\/krajinaziva.sk\/wp-content\/uploads\/2022\/01\/Sedliska-scaled.jpg\" \/>\n\t<meta property=\"og:image:width\" content=\"1920\" \/>\n\t<meta property=\"og:image:height\" content=\"1277\" \/>\n\t<meta property=\"og:image:type\" content=\"image\/jpeg\" \/>\n<meta name=\"twitter:card\" content=\"summary_large_image\" \/>\n<meta name=\"twitter:label1\" content=\"Estimated reading time\" \/>\n\t<meta name=\"twitter:data1\" content=\"1 minute\" \/>\n<script type=\"application\/ld+json\" class=\"yoast-schema-graph\">{\"@context\":\"https:\/\/schema.org\",\"@graph\":[{\"@type\":\"WebPage\",\"@id\":\"https:\/\/krajinaziva.sk\/hospodari\/roman-halas-uev-sedliska\/\",\"url\":\"https:\/\/krajinaziva.sk\/hospodari\/roman-halas-uev-sedliska\/\",\"name\":\"Roman Hal\u00e1s - \u00daEV Sedlisk\u00e1 - Krajina \u017eiv\u00e1\",\"isPartOf\":{\"@id\":\"https:\/\/krajinaziva.sk\/#website\"},\"primaryImageOfPage\":{\"@id\":\"https:\/\/krajinaziva.sk\/hospodari\/roman-halas-uev-sedliska\/#primaryimage\"},\"image\":{\"@id\":\"https:\/\/krajinaziva.sk\/hospodari\/roman-halas-uev-sedliska\/#primaryimage\"},\"thumbnailUrl\":\"https:\/\/krajinaziva.sk\/wp-content\/uploads\/2022\/01\/Sedliska-scaled.jpg\",\"datePublished\":\"2022-01-31T09:44:10+00:00\",\"dateModified\":\"2022-02-22T12:05:22+00:00\",\"breadcrumb\":{\"@id\":\"https:\/\/krajinaziva.sk\/hospodari\/roman-halas-uev-sedliska\/#breadcrumb\"},\"inLanguage\":\"en-GB\",\"potentialAction\":[{\"@type\":\"ReadAction\",\"target\":[\"https:\/\/krajinaziva.sk\/hospodari\/roman-halas-uev-sedliska\/\"]}]},{\"@type\":\"ImageObject\",\"inLanguage\":\"en-GB\",\"@id\":\"https:\/\/krajinaziva.sk\/hospodari\/roman-halas-uev-sedliska\/#primaryimage\",\"url\":\"https:\/\/krajinaziva.sk\/wp-content\/uploads\/2022\/01\/Sedliska-scaled.jpg\",\"contentUrl\":\"https:\/\/krajinaziva.sk\/wp-content\/uploads\/2022\/01\/Sedliska-scaled.jpg\",\"width\":1920,\"height\":1277},{\"@type\":\"BreadcrumbList\",\"@id\":\"https:\/\/krajinaziva.sk\/hospodari\/roman-halas-uev-sedliska\/#breadcrumb\",\"itemListElement\":[{\"@type\":\"ListItem\",\"position\":1,\"name\":\"Home\",\"item\":\"https:\/\/krajinaziva.sk\/\"},{\"@type\":\"ListItem\",\"position\":2,\"name\":\"Roman Hal\u00e1s &#8211; \u00daEV Sedlisk\u00e1\"}]},{\"@type\":\"WebSite\",\"@id\":\"https:\/\/krajinaziva.sk\/#website\",\"url\":\"https:\/\/krajinaziva.sk\/\",\"name\":\"Krajina \u017eiv\u00e1\",\"description\":\"\u017div\u00e1 krajina prin\u00e1\u0161a hojnos\u0165 pre v\u0161etk\u00fdch\",\"publisher\":{\"@id\":\"https:\/\/krajinaziva.sk\/#organization\"},\"potentialAction\":[{\"@type\":\"SearchAction\",\"target\":{\"@type\":\"EntryPoint\",\"urlTemplate\":\"https:\/\/krajinaziva.sk\/?s={search_term_string}\"},\"query-input\":{\"@type\":\"PropertyValueSpecification\",\"valueRequired\":true,\"valueName\":\"search_term_string\"}}],\"inLanguage\":\"en-GB\"},{\"@type\":\"Organization\",\"@id\":\"https:\/\/krajinaziva.sk\/#organization\",\"name\":\"Krajina \u017eiv\u00e1\",\"url\":\"https:\/\/krajinaziva.sk\/\",\"logo\":{\"@type\":\"ImageObject\",\"inLanguage\":\"en-GB\",\"@id\":\"https:\/\/krajinaziva.sk\/#\/schema\/logo\/image\/\",\"url\":\"https:\/\/krajinaziva.sk\/wp-content\/uploads\/2026\/02\/2206_14_BROZ_Ktajina-ziva_1-43-2-1.png\",\"contentUrl\":\"https:\/\/krajinaziva.sk\/wp-content\/uploads\/2026\/02\/2206_14_BROZ_Ktajina-ziva_1-43-2-1.png\",\"width\":1080,\"height\":1080,\"caption\":\"Krajina \u017eiv\u00e1\"},\"image\":{\"@id\":\"https:\/\/krajinaziva.sk\/#\/schema\/logo\/image\/\"}}]}<\/script>\n<!-- \/ Yoast SEO plugin. -->","yoast_head_json":{"title":"Roman Hal\u00e1s - \u00daEV Sedlisk\u00e1 - Krajina \u017eiv\u00e1","robots":{"index":"index","follow":"follow","max-snippet":"max-snippet:-1","max-image-preview":"max-image-preview:large","max-video-preview":"max-video-preview:-1"},"canonical":"https:\/\/krajinaziva.sk\/en\/hospodari\/roman-halas-uev-sedliska\/","og_locale":"en_GB","og_type":"article","og_title":"Roman Hal\u00e1s - \u00daEV Sedlisk\u00e1 - Krajina \u017eiv\u00e1","og_description":"Hospod\u00e1r Roman Hal\u00e1s pasie svoje kozy na lokalite UEV Sedlisk\u00e1, ktor\u00e1 sa nach\u00e1dza nad mestom Hlohovec. Sedlisk\u00e1 s\u00fa v\u00fdznamn\u00e9 t\u00fdm, \u017ee tu m\u00f4\u017eeme n\u00e1js\u0165 kr\u00e1sne farebn\u00e9 koberce poniklecov ve\u013ekokvet\u00fdch, poniklecov l\u00fa\u010dnych \u010desk\u00fdch, viacer\u00fdch&hellip;","og_url":"https:\/\/krajinaziva.sk\/en\/hospodari\/roman-halas-uev-sedliska\/","og_site_name":"Krajina \u017eiv\u00e1","article_modified_time":"2022-02-22T12:05:22+00:00","og_image":[{"width":1920,"height":1277,"url":"https:\/\/krajinaziva.sk\/wp-content\/uploads\/2022\/01\/Sedliska-scaled.jpg","type":"image\/jpeg"}],"twitter_card":"summary_large_image","twitter_misc":{"Estimated reading time":"1 minute"},"schema":{"@context":"https:\/\/schema.org","@graph":[{"@type":"WebPage","@id":"https:\/\/krajinaziva.sk\/hospodari\/roman-halas-uev-sedliska\/","url":"https:\/\/krajinaziva.sk\/hospodari\/roman-halas-uev-sedliska\/","name":"Roman Hal\u00e1s - \u00daEV Sedlisk\u00e1 - Krajina \u017eiv\u00e1","isPartOf":{"@id":"https:\/\/krajinaziva.sk\/#website"},"primaryImageOfPage":{"@id":"https:\/\/krajinaziva.sk\/hospodari\/roman-halas-uev-sedliska\/#primaryimage"},"image":{"@id":"https:\/\/krajinaziva.sk\/hospodari\/roman-halas-uev-sedliska\/#primaryimage"},"thumbnailUrl":"https:\/\/krajinaziva.sk\/wp-content\/uploads\/2022\/01\/Sedliska-scaled.jpg","datePublished":"2022-01-31T09:44:10+00:00","dateModified":"2022-02-22T12:05:22+00:00","breadcrumb":{"@id":"https:\/\/krajinaziva.sk\/hospodari\/roman-halas-uev-sedliska\/#breadcrumb"},"inLanguage":"en-GB","potentialAction":[{"@type":"ReadAction","target":["https:\/\/krajinaziva.sk\/hospodari\/roman-halas-uev-sedliska\/"]}]},{"@type":"ImageObject","inLanguage":"en-GB","@id":"https:\/\/krajinaziva.sk\/hospodari\/roman-halas-uev-sedliska\/#primaryimage","url":"https:\/\/krajinaziva.sk\/wp-content\/uploads\/2022\/01\/Sedliska-scaled.jpg","contentUrl":"https:\/\/krajinaziva.sk\/wp-content\/uploads\/2022\/01\/Sedliska-scaled.jpg","width":1920,"height":1277},{"@type":"BreadcrumbList","@id":"https:\/\/krajinaziva.sk\/hospodari\/roman-halas-uev-sedliska\/#breadcrumb","itemListElement":[{"@type":"ListItem","position":1,"name":"Home","item":"https:\/\/krajinaziva.sk\/"},{"@type":"ListItem","position":2,"name":"Roman Hal\u00e1s &#8211; \u00daEV Sedlisk\u00e1"}]},{"@type":"WebSite","@id":"https:\/\/krajinaziva.sk\/#website","url":"https:\/\/krajinaziva.sk\/","name":"Living landscape","description":"A living landscape brings wealth for all","publisher":{"@id":"https:\/\/krajinaziva.sk\/#organization"},"potentialAction":[{"@type":"SearchAction","target":{"@type":"EntryPoint","urlTemplate":"https:\/\/krajinaziva.sk\/?s={search_term_string}"},"query-input":{"@type":"PropertyValueSpecification","valueRequired":true,"valueName":"search_term_string"}}],"inLanguage":"en-GB"},{"@type":"Organization","@id":"https:\/\/krajinaziva.sk\/#organization","name":"Living landscape","url":"https:\/\/krajinaziva.sk\/","logo":{"@type":"ImageObject","inLanguage":"en-GB","@id":"https:\/\/krajinaziva.sk\/#\/schema\/logo\/image\/","url":"https:\/\/krajinaziva.sk\/wp-content\/uploads\/2026\/02\/2206_14_BROZ_Ktajina-ziva_1-43-2-1.png","contentUrl":"https:\/\/krajinaziva.sk\/wp-content\/uploads\/2026\/02\/2206_14_BROZ_Ktajina-ziva_1-43-2-1.png","width":1080,"height":1080,"caption":"Krajina \u017eiv\u00e1"},"image":{"@id":"https:\/\/krajinaziva.sk\/#\/schema\/logo\/image\/"}}]}},"_links":{"self":[{"href":"https:\/\/krajinaziva.sk\/en\/wp-json\/wp\/v2\/citadela-item\/2858","targetHints":{"allow":["GET"]}}],"collection":[{"href":"https:\/\/krajinaziva.sk\/en\/wp-json\/wp\/v2\/citadela-item"}],"about":[{"href":"https:\/\/krajinaziva.sk\/en\/wp-json\/wp\/v2\/types\/citadela-item"}],"author":[{"embeddable":true,"href":"https:\/\/krajinaziva.sk\/en\/wp-json\/wp\/v2\/users\/1"}],"version-history":[{"count":1,"href":"https:\/\/krajinaziva.sk\/en\/wp-json\/wp\/v2\/citadela-item\/2858\/revisions"}],"predecessor-version":[{"id":2859,"href":"https:\/\/krajinaziva.sk\/en\/wp-json\/wp\/v2\/citadela-item\/2858\/revisions\/2859"}],"wp:featuredmedia":[{"embeddable":true,"href":"https:\/\/krajinaziva.sk\/en\/wp-json\/wp\/v2\/media\/2846"}],"wp:attachment":[{"href":"https:\/\/krajinaziva.sk\/en\/wp-json\/wp\/v2\/media?parent=2858"}],"wp:term":[{"taxonomy":"citadela-item-category","embeddable":true,"href":"https:\/\/krajinaziva.sk\/en\/wp-json\/wp\/v2\/citadela-item-category?post=2858"},{"taxonomy":"citadela-item-location","embeddable":true,"href":"https:\/\/krajinaziva.sk\/en\/wp-json\/wp\/v2\/citadela-item-location?post=2858"}],"curies":[{"name":"wp","href":"https:\/\/api.w.org\/{rel}","templated":true}]}}